{"id":10829,"date":"2026-02-05T22:27:40","date_gmt":"2026-02-05T21:27:40","guid":{"rendered":"https:\/\/waffir.ma\/?post_type=product&#038;p=10829"},"modified":"2026-07-03T23:17:09","modified_gmt":"2026-07-03T22:17:09","slug":"sac-a-dos-pour-ordinateur-portable-sac-a-dos-de-voyage-daffaires-sac-a-dos-haute-qualite-adapte-aux-ordinateurs-portables-et-notebooks-156-pouses","status":"publish","type":"product","link":"https:\/\/waffir.ma\/ar\/product\/sac-a-dos-pour-ordinateur-portable-sac-a-dos-de-voyage-daffaires-sac-a-dos-haute-qualite-adapte-aux-ordinateurs-portables-et-notebooks-156-pouses\/","title":{"rendered":"Sac \u00e0 dos pour ordinateur portable, sac \u00e0 dos de voyage d&#8217;affaires, sac \u00e0 dos haute qualit\u00e9 Adapt\u00e9 aux ordinateurs portables et notebooks, 15,6 Pouses"},"content":{"rendered":"<h1 style=\"text-align: center;\"><strong><span style=\"font-size: 16px;\">Sac \u00e0 dos pour ordinateur portable, sac \u00e0 dos de voyage d&#8217;affaires, sac \u00e0 dos haute qualit\u00e9 Adapt\u00e9 aux ordinateurs portables et notebooks, 15,6 P\u00a0 Sac d&#8217;affaires Maroc<\/span><\/strong><\/h1>\n<p><img fetchpriority=\"high\" decoding=\"async\" class=\"aligncenter size-full wp-image-10836\" src=\"https:\/\/waffir.ma\/wp-content\/uploads\/2026\/01\/Sac-a-dos-pour-ordinateur-portable-sac-a-dos-de-voyage-daffairespour-notebooks-156-P-Waffir.MA-Sac-daffaires-Maro-1.webp\" alt=\"Sac \u00e0 dos pour ordinateur portable, sac \u00e0 dos de voyage d'affaires, sac \u00e0 dos haute qualit\u00e9 Adapt\u00e9 aux ordinateurs portables et notebooks, 15,6 P Waffir.MA Sac d'affaires Maroc\" width=\"800\" height=\"800\" srcset=\"https:\/\/waffir.ma\/wp-content\/uploads\/2026\/01\/Sac-a-dos-pour-ordinateur-portable-sac-a-dos-de-voyage-daffairespour-notebooks-156-P-Waffir.MA-Sac-daffaires-Maro-1.webp 800w, https:\/\/waffir.ma\/wp-content\/uploads\/2026\/01\/Sac-a-dos-pour-ordinateur-portable-sac-a-dos-de-voyage-daffairespour-notebooks-156-P-Waffir.MA-Sac-daffaires-Maro-1-300x300.webp 300w, https:\/\/waffir.ma\/wp-content\/uploads\/2026\/01\/Sac-a-dos-pour-ordinateur-portable-sac-a-dos-de-voyage-daffairespour-notebooks-156-P-Waffir.MA-Sac-daffaires-Maro-1-150x150.webp 150w, https:\/\/waffir.ma\/wp-content\/uploads\/2026\/01\/Sac-a-dos-pour-ordinateur-portable-sac-a-dos-de-voyage-daffairespour-notebooks-156-P-Waffir.MA-Sac-daffaires-Maro-1-768x768.webp 768w, https:\/\/waffir.ma\/wp-content\/uploads\/2026\/01\/Sac-a-dos-pour-ordinateur-portable-sac-a-dos-de-voyage-daffairespour-notebooks-156-P-Waffir.MA-Sac-daffaires-Maro-1-330x330.webp 330w, https:\/\/waffir.ma\/wp-content\/uploads\/2026\/01\/Sac-a-dos-pour-ordinateur-portable-sac-a-dos-de-voyage-daffairespour-notebooks-156-P-Waffir.MA-Sac-daffaires-Maro-1-600x600.webp 600w\" sizes=\"(max-width: 800px) 100vw, 800px\" \/><\/p>\n<h2><strong><span style=\"font-size: 16px;\">Sac \u00e0 dos pour ordinateur portable, sac \u00e0 dos de voyage d&#8217;affaires, adapt\u00e9 aux ordinateurs portables et notebooks, 15,6 pouces sac \u00e0 dos Waffir.MA Sac d&#8217;affaires Maroc<\/span><\/strong><\/h2>\n<p><img decoding=\"async\" class=\"aligncenter size-full wp-image-10841\" src=\"https:\/\/waffir.ma\/wp-content\/uploads\/2026\/01\/Sac-a-dos-pour-ordinateur-portable-sac-a-dos-de-voyage-daffairespour-notebooks-156-P-Waffir.MA-Sac-daffaires-Maro-6.webp\" alt=\"Sac \u00e0 dos pour ordinateur portable, sac \u00e0 dos de voyage d'affaires, sac \u00e0 dos haute qualit\u00e9 Adapt\u00e9 aux ordinateurs portables et notebooks, 15,6 P Waffir.MA Sac d'affaires Maroc\" width=\"800\" height=\"800\" srcset=\"https:\/\/waffir.ma\/wp-content\/uploads\/2026\/01\/Sac-a-dos-pour-ordinateur-portable-sac-a-dos-de-voyage-daffairespour-notebooks-156-P-Waffir.MA-Sac-daffaires-Maro-6.webp 800w, https:\/\/waffir.ma\/wp-content\/uploads\/2026\/01\/Sac-a-dos-pour-ordinateur-portable-sac-a-dos-de-voyage-daffairespour-notebooks-156-P-Waffir.MA-Sac-daffaires-Maro-6-300x300.webp 300w, https:\/\/waffir.ma\/wp-content\/uploads\/2026\/01\/Sac-a-dos-pour-ordinateur-portable-sac-a-dos-de-voyage-daffairespour-notebooks-156-P-Waffir.MA-Sac-daffaires-Maro-6-150x150.webp 150w, https:\/\/waffir.ma\/wp-content\/uploads\/2026\/01\/Sac-a-dos-pour-ordinateur-portable-sac-a-dos-de-voyage-daffairespour-notebooks-156-P-Waffir.MA-Sac-daffaires-Maro-6-768x768.webp 768w, https:\/\/waffir.ma\/wp-content\/uploads\/2026\/01\/Sac-a-dos-pour-ordinateur-portable-sac-a-dos-de-voyage-daffairespour-notebooks-156-P-Waffir.MA-Sac-daffaires-Maro-6-330x330.webp 330w, https:\/\/waffir.ma\/wp-content\/uploads\/2026\/01\/Sac-a-dos-pour-ordinateur-portable-sac-a-dos-de-voyage-daffairespour-notebooks-156-P-Waffir.MA-Sac-daffaires-Maro-6-600x600.webp 600w\" sizes=\"(max-width: 800px) 100vw, 800px\" \/> <img decoding=\"async\" class=\"aligncenter size-full wp-image-10839\" src=\"https:\/\/waffir.ma\/wp-content\/uploads\/2026\/01\/Sac-a-dos-pour-ordinateur-portable-sac-a-dos-de-voyage-daffairespour-notebooks-156-P-Waffir.MA-Sac-daffaires-Maro-4.webp\" alt=\"Sac \u00e0 dos pour ordinateur portable, sac \u00e0 dos de voyage d'affaires, sac \u00e0 dos haute qualit\u00e9 Adapt\u00e9 aux ordinateurs portables et notebooks, 15,6 P Waffir.MA Sac d'affaires Maroc\" width=\"800\" height=\"800\" srcset=\"https:\/\/waffir.ma\/wp-content\/uploads\/2026\/01\/Sac-a-dos-pour-ordinateur-portable-sac-a-dos-de-voyage-daffairespour-notebooks-156-P-Waffir.MA-Sac-daffaires-Maro-4.webp 800w, https:\/\/waffir.ma\/wp-content\/uploads\/2026\/01\/Sac-a-dos-pour-ordinateur-portable-sac-a-dos-de-voyage-daffairespour-notebooks-156-P-Waffir.MA-Sac-daffaires-Maro-4-300x300.webp 300w, https:\/\/waffir.ma\/wp-content\/uploads\/2026\/01\/Sac-a-dos-pour-ordinateur-portable-sac-a-dos-de-voyage-daffairespour-notebooks-156-P-Waffir.MA-Sac-daffaires-Maro-4-150x150.webp 150w, https:\/\/waffir.ma\/wp-content\/uploads\/2026\/01\/Sac-a-dos-pour-ordinateur-portable-sac-a-dos-de-voyage-daffairespour-notebooks-156-P-Waffir.MA-Sac-daffaires-Maro-4-768x768.webp 768w, https:\/\/waffir.ma\/wp-content\/uploads\/2026\/01\/Sac-a-dos-pour-ordinateur-portable-sac-a-dos-de-voyage-daffairespour-notebooks-156-P-Waffir.MA-Sac-daffaires-Maro-4-330x330.webp 330w, https:\/\/waffir.ma\/wp-content\/uploads\/2026\/01\/Sac-a-dos-pour-ordinateur-portable-sac-a-dos-de-voyage-daffairespour-notebooks-156-P-Waffir.MA-Sac-daffaires-Maro-4-600x600.webp 600w\" sizes=\"(max-width: 800px) 100vw, 800px\" \/> <img loading=\"lazy\" decoding=\"async\" class=\"aligncenter size-full wp-image-10835\" src=\"https:\/\/waffir.ma\/wp-content\/uploads\/2026\/01\/Sac-a-dos-pour-ordinateur-portable-sac-a-dos-de-voyage-daffairespour-notebooks-156-P-Waffir.MA-Sac-daffaires-Maro-1.jpg\" alt=\"Sac \u00e0 dos pour ordinateur portable, sac \u00e0 dos de voyage d'affaires, sac \u00e0 dos haute qualit\u00e9 Adapt\u00e9 aux ordinateurs portables et notebooks, 15,6 P Waffir.MA Sac d'affaires Maroc\" width=\"800\" height=\"800\" srcset=\"https:\/\/waffir.ma\/wp-content\/uploads\/2026\/01\/Sac-a-dos-pour-ordinateur-portable-sac-a-dos-de-voyage-daffairespour-notebooks-156-P-Waffir.MA-Sac-daffaires-Maro-1.jpg 800w, https:\/\/waffir.ma\/wp-content\/uploads\/2026\/01\/Sac-a-dos-pour-ordinateur-portable-sac-a-dos-de-voyage-daffairespour-notebooks-156-P-Waffir.MA-Sac-daffaires-Maro-1-300x300.jpg 300w, https:\/\/waffir.ma\/wp-content\/uploads\/2026\/01\/Sac-a-dos-pour-ordinateur-portable-sac-a-dos-de-voyage-daffairespour-notebooks-156-P-Waffir.MA-Sac-daffaires-Maro-1-150x150.jpg 150w, https:\/\/waffir.ma\/wp-content\/uploads\/2026\/01\/Sac-a-dos-pour-ordinateur-portable-sac-a-dos-de-voyage-daffairespour-notebooks-156-P-Waffir.MA-Sac-daffaires-Maro-1-768x768.jpg 768w, https:\/\/waffir.ma\/wp-content\/uploads\/2026\/01\/Sac-a-dos-pour-ordinateur-portable-sac-a-dos-de-voyage-daffairespour-notebooks-156-P-Waffir.MA-Sac-daffaires-Maro-1-330x330.jpg 330w, https:\/\/waffir.ma\/wp-content\/uploads\/2026\/01\/Sac-a-dos-pour-ordinateur-portable-sac-a-dos-de-voyage-daffairespour-notebooks-156-P-Waffir.MA-Sac-daffaires-Maro-1-600x600.jpg 600w\" sizes=\"(max-width: 800px) 100vw, 800px\" \/><\/p>\n<h3><strong><span style=\"font-size: 16px;\">Sac \u00e0 dos pour ordinateur portable, sac \u00e0 dos de voyage d&#8217;affaires, sac \u00e0 dos universitaire unisexe, adapt\u00e9 aux ordinateurs portables et notebooks de 15,6 pouces, sac \u00e0 dos pour hommes, employ\u00e9s de bureau, construction robuste, design \u00e9l\u00e9gant, accessoire de d\u00e9placement<\/span><\/strong><\/h3>\n<p><img loading=\"lazy\" decoding=\"async\" class=\"aligncenter size-full wp-image-10833\" src=\"https:\/\/waffir.ma\/wp-content\/uploads\/2026\/01\/Sac-a-dos-pour-ordinateur-portable-sac-a-dos-de-voyage-daffairespour-notebooks-156-P-Waffir.MA-Sac-daffaires-Maro-9.webp\" alt=\"Sac \u00e0 dos pour ordinateur portable, sac \u00e0 dos de voyage d'affaires, sac \u00e0 dos haute qualit\u00e9 Adapt\u00e9 aux ordinateurs portables et notebooks, 15,6 P Waffir.MA Sac d'affaires Maroc\" width=\"800\" height=\"800\" srcset=\"https:\/\/waffir.ma\/wp-content\/uploads\/2026\/01\/Sac-a-dos-pour-ordinateur-portable-sac-a-dos-de-voyage-daffairespour-notebooks-156-P-Waffir.MA-Sac-daffaires-Maro-9.webp 800w, https:\/\/waffir.ma\/wp-content\/uploads\/2026\/01\/Sac-a-dos-pour-ordinateur-portable-sac-a-dos-de-voyage-daffairespour-notebooks-156-P-Waffir.MA-Sac-daffaires-Maro-9-300x300.webp 300w, https:\/\/waffir.ma\/wp-content\/uploads\/2026\/01\/Sac-a-dos-pour-ordinateur-portable-sac-a-dos-de-voyage-daffairespour-notebooks-156-P-Waffir.MA-Sac-daffaires-Maro-9-150x150.webp 150w, https:\/\/waffir.ma\/wp-content\/uploads\/2026\/01\/Sac-a-dos-pour-ordinateur-portable-sac-a-dos-de-voyage-daffairespour-notebooks-156-P-Waffir.MA-Sac-daffaires-Maro-9-768x768.webp 768w, https:\/\/waffir.ma\/wp-content\/uploads\/2026\/01\/Sac-a-dos-pour-ordinateur-portable-sac-a-dos-de-voyage-daffairespour-notebooks-156-P-Waffir.MA-Sac-daffaires-Maro-9-330x330.webp 330w, https:\/\/waffir.ma\/wp-content\/uploads\/2026\/01\/Sac-a-dos-pour-ordinateur-portable-sac-a-dos-de-voyage-daffairespour-notebooks-156-P-Waffir.MA-Sac-daffaires-Maro-9-600x600.webp 600w\" sizes=\"(max-width: 800px) 100vw, 800px\" \/><img loading=\"lazy\" decoding=\"async\" class=\"aligncenter size-full wp-image-10840\" src=\"https:\/\/waffir.ma\/wp-content\/uploads\/2026\/01\/Sac-a-dos-pour-ordinateur-portable-sac-a-dos-de-voyage-daffairespour-notebooks-156-P-Waffir.MA-Sac-daffaires-Maro-5.webp\" alt=\"Sac \u00e0 dos pour ordinateur portable, sac \u00e0 dos de voyage d'affaires, sac \u00e0 dos haute qualit\u00e9 Adapt\u00e9 aux ordinateurs portables et notebooks, 15,6 P Waffir.MA Sac d'affaires Maroc\" width=\"800\" height=\"800\" srcset=\"https:\/\/waffir.ma\/wp-content\/uploads\/2026\/01\/Sac-a-dos-pour-ordinateur-portable-sac-a-dos-de-voyage-daffairespour-notebooks-156-P-Waffir.MA-Sac-daffaires-Maro-5.webp 800w, https:\/\/waffir.ma\/wp-content\/uploads\/2026\/01\/Sac-a-dos-pour-ordinateur-portable-sac-a-dos-de-voyage-daffairespour-notebooks-156-P-Waffir.MA-Sac-daffaires-Maro-5-300x300.webp 300w, https:\/\/waffir.ma\/wp-content\/uploads\/2026\/01\/Sac-a-dos-pour-ordinateur-portable-sac-a-dos-de-voyage-daffairespour-notebooks-156-P-Waffir.MA-Sac-daffaires-Maro-5-150x150.webp 150w, https:\/\/waffir.ma\/wp-content\/uploads\/2026\/01\/Sac-a-dos-pour-ordinateur-portable-sac-a-dos-de-voyage-daffairespour-notebooks-156-P-Waffir.MA-Sac-daffaires-Maro-5-768x768.webp 768w, https:\/\/waffir.ma\/wp-content\/uploads\/2026\/01\/Sac-a-dos-pour-ordinateur-portable-sac-a-dos-de-voyage-daffairespour-notebooks-156-P-Waffir.MA-Sac-daffaires-Maro-5-330x330.webp 330w, https:\/\/waffir.ma\/wp-content\/uploads\/2026\/01\/Sac-a-dos-pour-ordinateur-portable-sac-a-dos-de-voyage-daffairespour-notebooks-156-P-Waffir.MA-Sac-daffaires-Maro-5-600x600.webp 600w\" sizes=\"(max-width: 800px) 100vw, 800px\" \/> <img loading=\"lazy\" decoding=\"async\" class=\"aligncenter size-full wp-image-10838\" src=\"https:\/\/waffir.ma\/wp-content\/uploads\/2026\/01\/Sac-a-dos-pour-ordinateur-portable-sac-a-dos-de-voyage-daffairespour-notebooks-156-P-Waffir.MA-Sac-daffaires-Maro-3.webp\" alt=\"Sac \u00e0 dos pour ordinateur portable, sac \u00e0 dos de voyage d'affaires, sac \u00e0 dos haute qualit\u00e9 Adapt\u00e9 aux ordinateurs portables et notebooks, 15,6 P Waffir.MA Sac d'affaires Maroc\" width=\"800\" height=\"800\" srcset=\"https:\/\/waffir.ma\/wp-content\/uploads\/2026\/01\/Sac-a-dos-pour-ordinateur-portable-sac-a-dos-de-voyage-daffairespour-notebooks-156-P-Waffir.MA-Sac-daffaires-Maro-3.webp 800w, https:\/\/waffir.ma\/wp-content\/uploads\/2026\/01\/Sac-a-dos-pour-ordinateur-portable-sac-a-dos-de-voyage-daffairespour-notebooks-156-P-Waffir.MA-Sac-daffaires-Maro-3-300x300.webp 300w, https:\/\/waffir.ma\/wp-content\/uploads\/2026\/01\/Sac-a-dos-pour-ordinateur-portable-sac-a-dos-de-voyage-daffairespour-notebooks-156-P-Waffir.MA-Sac-daffaires-Maro-3-150x150.webp 150w, https:\/\/waffir.ma\/wp-content\/uploads\/2026\/01\/Sac-a-dos-pour-ordinateur-portable-sac-a-dos-de-voyage-daffairespour-notebooks-156-P-Waffir.MA-Sac-daffaires-Maro-3-768x768.webp 768w, https:\/\/waffir.ma\/wp-content\/uploads\/2026\/01\/Sac-a-dos-pour-ordinateur-portable-sac-a-dos-de-voyage-daffairespour-notebooks-156-P-Waffir.MA-Sac-daffaires-Maro-3-330x330.webp 330w, https:\/\/waffir.ma\/wp-content\/uploads\/2026\/01\/Sac-a-dos-pour-ordinateur-portable-sac-a-dos-de-voyage-daffairespour-notebooks-156-P-Waffir.MA-Sac-daffaires-Maro-3-600x600.webp 600w\" sizes=\"(max-width: 800px) 100vw, 800px\" \/> <img loading=\"lazy\" decoding=\"async\" class=\"aligncenter size-full wp-image-10837\" src=\"https:\/\/waffir.ma\/wp-content\/uploads\/2026\/01\/Sac-a-dos-pour-ordinateur-portable-sac-a-dos-de-voyage-daffairespour-notebooks-156-P-Waffir.MA-Sac-daffaires-Maro-2.webp\" alt=\"Sac \u00e0 dos pour ordinateur portable, sac \u00e0 dos de voyage d'affaires, sac \u00e0 dos haute qualit\u00e9 Adapt\u00e9 aux ordinateurs portables et notebooks, 15,6 P Waffir.MA Sac d'affaires Maroc\" width=\"800\" height=\"800\" srcset=\"https:\/\/waffir.ma\/wp-content\/uploads\/2026\/01\/Sac-a-dos-pour-ordinateur-portable-sac-a-dos-de-voyage-daffairespour-notebooks-156-P-Waffir.MA-Sac-daffaires-Maro-2.webp 800w, https:\/\/waffir.ma\/wp-content\/uploads\/2026\/01\/Sac-a-dos-pour-ordinateur-portable-sac-a-dos-de-voyage-daffairespour-notebooks-156-P-Waffir.MA-Sac-daffaires-Maro-2-300x300.webp 300w, https:\/\/waffir.ma\/wp-content\/uploads\/2026\/01\/Sac-a-dos-pour-ordinateur-portable-sac-a-dos-de-voyage-daffairespour-notebooks-156-P-Waffir.MA-Sac-daffaires-Maro-2-150x150.webp 150w, https:\/\/waffir.ma\/wp-content\/uploads\/2026\/01\/Sac-a-dos-pour-ordinateur-portable-sac-a-dos-de-voyage-daffairespour-notebooks-156-P-Waffir.MA-Sac-daffaires-Maro-2-768x768.webp 768w, https:\/\/waffir.ma\/wp-content\/uploads\/2026\/01\/Sac-a-dos-pour-ordinateur-portable-sac-a-dos-de-voyage-daffairespour-notebooks-156-P-Waffir.MA-Sac-daffaires-Maro-2-330x330.webp 330w, https:\/\/waffir.ma\/wp-content\/uploads\/2026\/01\/Sac-a-dos-pour-ordinateur-portable-sac-a-dos-de-voyage-daffairespour-notebooks-156-P-Waffir.MA-Sac-daffaires-Maro-2-600x600.webp 600w\" sizes=\"(max-width: 800px) 100vw, 800px\" \/><\/p>\n<p><strong><span style=\"font-size: 16px;\">Mat\u00e9riau : Tissu Oxford<\/span><\/strong><br \/>\n<strong><span style=\"font-size: 16px;\">Occasion : Trajet quotidien<\/span><\/strong><br \/>\n<strong><span style=\"font-size: 16px;\">Type de bande : Bandouli\u00e8re r\u00e9glable<\/span><\/strong><\/p>\n<p><img loading=\"lazy\" decoding=\"async\" class=\"aligncenter size-full wp-image-10834\" src=\"https:\/\/waffir.ma\/wp-content\/uploads\/2026\/01\/Sac-a-dos-pour-ordinateur-portable-sac-a-dos-de-voyage-daffairespour-notebooks-156-P-Waffir.MA-Sac-daffaires-Maro-10.webp\" alt=\"Sac \u00e0 dos pour ordinateur portable, sac \u00e0 dos de voyage d'affaires, sac \u00e0 dos haute qualit\u00e9 Adapt\u00e9 aux ordinateurs portables et notebooks, 15,6 P Waffir.MA Sac d'affaires Maroc\" width=\"800\" height=\"800\" srcset=\"https:\/\/waffir.ma\/wp-content\/uploads\/2026\/01\/Sac-a-dos-pour-ordinateur-portable-sac-a-dos-de-voyage-daffairespour-notebooks-156-P-Waffir.MA-Sac-daffaires-Maro-10.webp 800w, https:\/\/waffir.ma\/wp-content\/uploads\/2026\/01\/Sac-a-dos-pour-ordinateur-portable-sac-a-dos-de-voyage-daffairespour-notebooks-156-P-Waffir.MA-Sac-daffaires-Maro-10-300x300.webp 300w, https:\/\/waffir.ma\/wp-content\/uploads\/2026\/01\/Sac-a-dos-pour-ordinateur-portable-sac-a-dos-de-voyage-daffairespour-notebooks-156-P-Waffir.MA-Sac-daffaires-Maro-10-150x150.webp 150w, https:\/\/waffir.ma\/wp-content\/uploads\/2026\/01\/Sac-a-dos-pour-ordinateur-portable-sac-a-dos-de-voyage-daffairespour-notebooks-156-P-Waffir.MA-Sac-daffaires-Maro-10-768x768.webp 768w, https:\/\/waffir.ma\/wp-content\/uploads\/2026\/01\/Sac-a-dos-pour-ordinateur-portable-sac-a-dos-de-voyage-daffairespour-notebooks-156-P-Waffir.MA-Sac-daffaires-Maro-10-330x330.webp 330w, https:\/\/waffir.ma\/wp-content\/uploads\/2026\/01\/Sac-a-dos-pour-ordinateur-portable-sac-a-dos-de-voyage-daffairespour-notebooks-156-P-Waffir.MA-Sac-daffaires-Maro-10-600x600.webp 600w\" sizes=\"(max-width: 800px) 100vw, 800px\" \/><\/p>\n<p><strong><span style=\"font-size: 16px;\">Style: D\u00e9contract\u00e9<\/span><\/strong><br \/>\n<strong><span style=\"font-size: 16px;\">Conseils d&#8217;entretien: Nettoyer avec un chiffon humide<\/span><\/strong><br \/>\n<strong><span style=\"font-size: 16px;\">Accessoires inclus: Sangle r\u00e9glable<\/span><\/strong><br \/>\n<strong><span style=\"font-size: 16px;\">Type de fermeture: Fermeture \u00e9clair<\/span><\/strong><br \/>\n<strong><span style=\"font-size: 16px;\">Description de la doublure: Polyester<\/span><\/strong><br \/>\n<strong><span style=\"font-size: 16px;\">\u00c9l\u00e9ments populaires: Fil \u00e0 coudre, Bloc de couleur, Autre<\/span><\/strong><br \/>\n<strong><span style=\"font-size: 16px;\">Fonction Particuli\u00e8re: Aucun Haute Qualit\u00e9<\/span><\/strong><br \/>\n<strong><span style=\"font-size: 16px;\">Mode d&#8217;alimentation: Non charg\u00e9<\/span><\/strong><br \/>\n<strong><span style=\"font-size: 16px;\">Type d&#8217;imprim\u00e9: Aucun imprim\u00e9<\/span><\/strong><br \/>\n<strong><span style=\"font-size: 16px;\">R\u00e9f\u00e9rence: DwpINfcTKSQ<\/span><\/strong><br \/>\n<strong><span style=\"font-size: 16px;\">Origine: Hebei,China<\/span><\/strong><\/p>\n<p><strong><span style=\"font-size: 16px;\">https:\/\/youtube.com\/shorts\/DwpINfcTKSQ<\/span><\/strong><\/p>\n","protected":false},"excerpt":{"rendered":"<p>Sac \u00e0 dos pour ordinateur portable, sac \u00e0 dos de voyage d&#8217;affaires, sac \u00e0 dos haute qualit\u00e9 Adapt\u00e9 aux ordinateurs<\/p>\n","protected":false},"featured_media":10836,"comment_status":"open","ping_status":"closed","template":"","meta":[],"product_brand":[],"product_cat":[761,147,102,92,322,537],"product_tag":[776,777,762],"class_list":["post-10829","product","type-product","status-publish","has-post-thumbnail","product_cat-sac-ordinateur-portable","product_cat-accessoires-informatiques","product_cat-accessoires-tablettes","product_cat-camping-et-randonnee","product_cat-exterieur-fitness-sports","product_cat-sac-pc-portable","product_tag-sac-a-dos-business","product_tag-sac-daffaires","product_tag-sac-ordinateur-portable","first","instock","sale","shipping-taxable","purchasable","product-type-simple"],"_links":{"self":[{"href":"https:\/\/waffir.ma\/ar\/wp-json\/wp\/v2\/product\/10829","targetHints":{"allow":["GET"]}}],"collection":[{"href":"https:\/\/waffir.ma\/ar\/wp-json\/wp\/v2\/product"}],"about":[{"href":"https:\/\/waffir.ma\/ar\/wp-json\/wp\/v2\/types\/product"}],"replies":[{"embeddable":true,"href":"https:\/\/waffir.ma\/ar\/wp-json\/wp\/v2\/comments?post=10829"}],"version-history":[{"count":1,"href":"https:\/\/waffir.ma\/ar\/wp-json\/wp\/v2\/product\/10829\/revisions"}],"predecessor-version":[{"id":10844,"href":"https:\/\/waffir.ma\/ar\/wp-json\/wp\/v2\/product\/10829\/revisions\/10844"}],"wp:featuredmedia":[{"embeddable":true,"href":"https:\/\/waffir.ma\/ar\/wp-json\/wp\/v2\/media\/10836"}],"wp:attachment":[{"href":"https:\/\/waffir.ma\/ar\/wp-json\/wp\/v2\/media?parent=10829"}],"wp:term":[{"taxonomy":"product_brand","embeddable":true,"href":"https:\/\/waffir.ma\/ar\/wp-json\/wp\/v2\/product_brand?post=10829"},{"taxonomy":"product_cat","embeddable":true,"href":"https:\/\/waffir.ma\/ar\/wp-json\/wp\/v2\/product_cat?post=10829"},{"taxonomy":"product_tag","embeddable":true,"href":"https:\/\/waffir.ma\/ar\/wp-json\/wp\/v2\/product_tag?post=10829"}],"curies":[{"name":"wp","href":"https:\/\/api.w.org\/{rel}","templated":true}]}}