{"id":5460,"date":"2024-11-03T11:45:51","date_gmt":"2024-11-03T10:45:51","guid":{"rendered":"https:\/\/waffir.ma\/?post_type=product&#038;p=5460"},"modified":"2025-11-15T18:09:29","modified_gmt":"2025-11-15T17:09:29","slug":"sac-daffaires-40l-sacs-a-dos-extensibles-port-de-charge-usb-17-pouces-sac-pour-ordinateur-portable-etanche-swiss-sac-de-voyage-daffaires-multifonctionnel","status":"publish","type":"product","link":"https:\/\/waffir.ma\/ar\/product\/sac-daffaires-40l-sacs-a-dos-extensibles-port-de-charge-usb-17-pouces-sac-pour-ordinateur-portable-etanche-swiss-sac-de-voyage-daffaires-multifonctionnel\/","title":{"rendered":"Sac d&#8217;affaires 40L sacs \u00e0 dos extensibles Port de charge USB 17 pouces sac pour ordinateur portable \u00e9tanche SWISS-sac de voyage d&#8217;affaires multifonctionnel"},"content":{"rendered":"<h1 style=\"text-align: center;\"><strong><span style=\"font-size: 20px;\">Sac <\/span><span style=\"font-size: 20px;\">d&#8217;affaires\u00a0 d<\/span><span style=\"font-size: 20px;\">rapeau national 40L sacs \u00e0 dos extensibles Port de charge USB 17 pouces sac pour ordinateur portable \u00e9tanche SWISS-sac de voyage d&#8217;affaires multifonctionnel<\/span><\/strong><\/h1>\n<p style=\"text-align: center;\"><img fetchpriority=\"high\" decoding=\"async\" class=\"aligncenter size-full wp-image-5454\" src=\"https:\/\/waffir.ma\/wp-content\/uploads\/2024\/09\/Sacs-a-dos-extensibles-de-grande-capacite-avec-broderie-personnalisee-USB-sac-pour-ordinateur-portable-17etanche-sac-de-voyage-daffaires-extensible40L-WAFFIR.MA-MAROC-SAC-8.webp\" alt=\"Sacs \u00e0 dos extensibles de grande capacit\u00e9 avec broderie personnalis\u00e9e, USB, sac pour ordinateur portable 17 , \u00e9tanche, sac de voyage d'affaires extensible, 40L WAFFIR.MA\" width=\"790\" height=\"796\" srcset=\"https:\/\/waffir.ma\/wp-content\/uploads\/2024\/09\/Sacs-a-dos-extensibles-de-grande-capacite-avec-broderie-personnalisee-USB-sac-pour-ordinateur-portable-17etanche-sac-de-voyage-daffaires-extensible40L-WAFFIR.MA-MAROC-SAC-8.webp 790w, https:\/\/waffir.ma\/wp-content\/uploads\/2024\/09\/Sacs-a-dos-extensibles-de-grande-capacite-avec-broderie-personnalisee-USB-sac-pour-ordinateur-portable-17etanche-sac-de-voyage-daffaires-extensible40L-WAFFIR.MA-MAROC-SAC-8-298x300.webp 298w, https:\/\/waffir.ma\/wp-content\/uploads\/2024\/09\/Sacs-a-dos-extensibles-de-grande-capacite-avec-broderie-personnalisee-USB-sac-pour-ordinateur-portable-17etanche-sac-de-voyage-daffaires-extensible40L-WAFFIR.MA-MAROC-SAC-8-150x151.webp 150w, https:\/\/waffir.ma\/wp-content\/uploads\/2024\/09\/Sacs-a-dos-extensibles-de-grande-capacite-avec-broderie-personnalisee-USB-sac-pour-ordinateur-portable-17etanche-sac-de-voyage-daffaires-extensible40L-WAFFIR.MA-MAROC-SAC-8-768x774.webp 768w, https:\/\/waffir.ma\/wp-content\/uploads\/2024\/09\/Sacs-a-dos-extensibles-de-grande-capacite-avec-broderie-personnalisee-USB-sac-pour-ordinateur-portable-17etanche-sac-de-voyage-daffaires-extensible40L-WAFFIR.MA-MAROC-SAC-8-600x605.webp 600w\" sizes=\"(max-width: 790px) 100vw, 790px\" \/><\/p>\n<p>&nbsp;<\/p>\n<p><strong>\u00c0 propos de cet article :<\/strong><br \/>\n<strong>Espace de rangement spacieux et flexible : Le sac \u00e0 dos de voyage \u00e0 main dispose d&#8217;une fermeture \u00e9clair int\u00e9grale qui augmente le volume du sac \u00e0 dos de 32 litres \u00e0 40 litres. Il y a une poche pour ordinateur portable 17,3 pouces et une poche iPad de 12,3 pouces, un compartiment avant qui peut \u00e9galement contenir des magazines et des documents, ainsi qu&#8217;une poche avant extra profonde et une poche arri\u00e8re anti-vol.<\/strong><\/p>\n<p><img decoding=\"async\" class=\"aligncenter size-full wp-image-5448\" src=\"https:\/\/waffir.ma\/wp-content\/uploads\/2024\/09\/Sacs-a-dos-extensibles-de-grande-capacite-avec-broderie-personnalisee-USB-sac-pour-ordinateur-portable-17-etanche-sac-de-voyage-daffaires-extensible-40L-WAFFIR.MA-D-11.webp\" alt=\"Sacs \u00e0 dos extensibles de grande capacit\u00e9 avec broderie personnalis\u00e9e, USB, sac pour ordinateur portable 17 , \u00e9tanche, sac de voyage d'affaires extensible, 40L WAFFIR.MA\" width=\"790\" height=\"857\" srcset=\"https:\/\/waffir.ma\/wp-content\/uploads\/2024\/09\/Sacs-a-dos-extensibles-de-grande-capacite-avec-broderie-personnalisee-USB-sac-pour-ordinateur-portable-17-etanche-sac-de-voyage-daffaires-extensible-40L-WAFFIR.MA-D-11.webp 790w, https:\/\/waffir.ma\/wp-content\/uploads\/2024\/09\/Sacs-a-dos-extensibles-de-grande-capacite-avec-broderie-personnalisee-USB-sac-pour-ordinateur-portable-17-etanche-sac-de-voyage-daffaires-extensible-40L-WAFFIR.MA-D-11-277x300.webp 277w, https:\/\/waffir.ma\/wp-content\/uploads\/2024\/09\/Sacs-a-dos-extensibles-de-grande-capacite-avec-broderie-personnalisee-USB-sac-pour-ordinateur-portable-17-etanche-sac-de-voyage-daffaires-extensible-40L-WAFFIR.MA-D-11-768x833.webp 768w, https:\/\/waffir.ma\/wp-content\/uploads\/2024\/09\/Sacs-a-dos-extensibles-de-grande-capacite-avec-broderie-personnalisee-USB-sac-pour-ordinateur-portable-17-etanche-sac-de-voyage-daffaires-extensible-40L-WAFFIR.MA-D-11-600x651.webp 600w, https:\/\/waffir.ma\/wp-content\/uploads\/2024\/09\/Sacs-a-dos-extensibles-de-grande-capacite-avec-broderie-personnalisee-USB-sac-pour-ordinateur-portable-17-etanche-sac-de-voyage-daffaires-extensible-40L-WAFFIR.MA-D-11-150x163.webp 150w\" sizes=\"(max-width: 790px) 100vw, 790px\" \/><\/p>\n<p style=\"text-align: center;\"><img decoding=\"async\" class=\"aligncenter size-full wp-image-5446\" src=\"https:\/\/waffir.ma\/wp-content\/uploads\/2024\/09\/Sacs-a-dos-extensibles-de-grande-capacite-avec-broderie-personnalisee-USB-sac-pour-ordinateur-portable-17-etanche-sac-de-voyage-daffaires-extensible-40L-WAFFIR.MA-D-9.webp\" alt=\"Sacs \u00e0 dos extensibles de grande capacit\u00e9 avec broderie personnalis\u00e9e, USB, sac pour ordinateur portable 17 , \u00e9tanche, sac de voyage d'affaires extensible, 40L WAFFIR.MA\" width=\"790\" height=\"951\" srcset=\"https:\/\/waffir.ma\/wp-content\/uploads\/2024\/09\/Sacs-a-dos-extensibles-de-grande-capacite-avec-broderie-personnalisee-USB-sac-pour-ordinateur-portable-17-etanche-sac-de-voyage-daffaires-extensible-40L-WAFFIR.MA-D-9.webp 790w, https:\/\/waffir.ma\/wp-content\/uploads\/2024\/09\/Sacs-a-dos-extensibles-de-grande-capacite-avec-broderie-personnalisee-USB-sac-pour-ordinateur-portable-17-etanche-sac-de-voyage-daffaires-extensible-40L-WAFFIR.MA-D-9-249x300.webp 249w, https:\/\/waffir.ma\/wp-content\/uploads\/2024\/09\/Sacs-a-dos-extensibles-de-grande-capacite-avec-broderie-personnalisee-USB-sac-pour-ordinateur-portable-17-etanche-sac-de-voyage-daffaires-extensible-40L-WAFFIR.MA-D-9-768x925.webp 768w, https:\/\/waffir.ma\/wp-content\/uploads\/2024\/09\/Sacs-a-dos-extensibles-de-grande-capacite-avec-broderie-personnalisee-USB-sac-pour-ordinateur-portable-17-etanche-sac-de-voyage-daffaires-extensible-40L-WAFFIR.MA-D-9-600x722.webp 600w, https:\/\/waffir.ma\/wp-content\/uploads\/2024\/09\/Sacs-a-dos-extensibles-de-grande-capacite-avec-broderie-personnalisee-USB-sac-pour-ordinateur-portable-17-etanche-sac-de-voyage-daffaires-extensible-40L-WAFFIR.MA-D-9-150x181.webp 150w\" sizes=\"(max-width: 790px) 100vw, 790px\" \/><\/p>\n<p><strong>Nouveau design de sac \u00e0 dos : le tissu en maille nid d&#8217;abeille \u00e0 l&#8217;arri\u00e8re du sac \u00e0 dos de voyage peut prot\u00e9ger vos \u00e9paules, votre cou et votre dos, apaisant et respirant, non \u00e9touffant, facile \u00e0 passer en \u00e9t\u00e9. Poches cach\u00e9es \u00e0 l&#8217;arri\u00e8re pour les passeports et les portefeuilles importants. Il y a aussi une sangle \u00e0 bagages \u00e0 l&#8217;arri\u00e8re pour que le sac \u00e0 dos puisse \u00eatre facilement accroch\u00e9 \u00e0 la valise lors de vos d\u00e9placements.<\/strong><\/p>\n<p style=\"text-align: center;\"><img loading=\"lazy\" decoding=\"async\" class=\"aligncenter size-full wp-image-5450\" src=\"https:\/\/waffir.ma\/wp-content\/uploads\/2024\/09\/Sacs-a-dos-extensibles-de-grande-capacite-avec-broderie-personnalisee-USB-sac-pour-ordinateur-portable-17-etanche-sac-de-voyage-daffaires-extensible-40L-WAFFIR.MA-DES-S-3.webp\" alt=\"Sacs \u00e0 dos extensibles de grande capacit\u00e9 avec broderie personnalis\u00e9e, USB, sac pour ordinateur portable 17 , \u00e9tanche, sac de voyage d'affaires extensible, 40L WAFFIR.MA\" width=\"790\" height=\"1213\" srcset=\"https:\/\/waffir.ma\/wp-content\/uploads\/2024\/09\/Sacs-a-dos-extensibles-de-grande-capacite-avec-broderie-personnalisee-USB-sac-pour-ordinateur-portable-17-etanche-sac-de-voyage-daffaires-extensible-40L-WAFFIR.MA-DES-S-3.webp 790w, https:\/\/waffir.ma\/wp-content\/uploads\/2024\/09\/Sacs-a-dos-extensibles-de-grande-capacite-avec-broderie-personnalisee-USB-sac-pour-ordinateur-portable-17-etanche-sac-de-voyage-daffaires-extensible-40L-WAFFIR.MA-DES-S-3-195x300.webp 195w, https:\/\/waffir.ma\/wp-content\/uploads\/2024\/09\/Sacs-a-dos-extensibles-de-grande-capacite-avec-broderie-personnalisee-USB-sac-pour-ordinateur-portable-17-etanche-sac-de-voyage-daffaires-extensible-40L-WAFFIR.MA-DES-S-3-667x1024.webp 667w, https:\/\/waffir.ma\/wp-content\/uploads\/2024\/09\/Sacs-a-dos-extensibles-de-grande-capacite-avec-broderie-personnalisee-USB-sac-pour-ordinateur-portable-17-etanche-sac-de-voyage-daffaires-extensible-40L-WAFFIR.MA-DES-S-3-768x1179.webp 768w, https:\/\/waffir.ma\/wp-content\/uploads\/2024\/09\/Sacs-a-dos-extensibles-de-grande-capacite-avec-broderie-personnalisee-USB-sac-pour-ordinateur-portable-17-etanche-sac-de-voyage-daffaires-extensible-40L-WAFFIR.MA-DES-S-3-600x921.webp 600w, https:\/\/waffir.ma\/wp-content\/uploads\/2024\/09\/Sacs-a-dos-extensibles-de-grande-capacite-avec-broderie-personnalisee-USB-sac-pour-ordinateur-portable-17-etanche-sac-de-voyage-daffaires-extensible-40L-WAFFIR.MA-DES-S-3-150x230.webp 150w\" sizes=\"(max-width: 790px) 100vw, 790px\" \/><\/p>\n<p><img loading=\"lazy\" decoding=\"async\" class=\"aligncenter size-full wp-image-5435\" src=\"https:\/\/waffir.ma\/wp-content\/uploads\/2024\/09\/Sacs-a-dos-extensibles-de-grande-capacite-avec-broderie-personnalisee-USB-sac-pour-ordinateur-portable-17-etanche-sac-de-voyage-daffaires-extensible-40L-WAFFIR.MA-DES-S-4.webp\" alt=\"Sacs \u00e0 dos extensibles de grande capacit\u00e9 avec broderie personnalis\u00e9e, USB, sac pour ordinateur portable 17 , \u00e9tanche, sac de voyage d'affaires extensible, 40L WAFFIR.MA DESCRIPTION\" width=\"790\" height=\"327\" srcset=\"https:\/\/waffir.ma\/wp-content\/uploads\/2024\/09\/Sacs-a-dos-extensibles-de-grande-capacite-avec-broderie-personnalisee-USB-sac-pour-ordinateur-portable-17-etanche-sac-de-voyage-daffaires-extensible-40L-WAFFIR.MA-DES-S-4.webp 790w, https:\/\/waffir.ma\/wp-content\/uploads\/2024\/09\/Sacs-a-dos-extensibles-de-grande-capacite-avec-broderie-personnalisee-USB-sac-pour-ordinateur-portable-17-etanche-sac-de-voyage-daffaires-extensible-40L-WAFFIR.MA-DES-S-4-300x124.webp 300w, https:\/\/waffir.ma\/wp-content\/uploads\/2024\/09\/Sacs-a-dos-extensibles-de-grande-capacite-avec-broderie-personnalisee-USB-sac-pour-ordinateur-portable-17-etanche-sac-de-voyage-daffaires-extensible-40L-WAFFIR.MA-DES-S-4-768x318.webp 768w, https:\/\/waffir.ma\/wp-content\/uploads\/2024\/09\/Sacs-a-dos-extensibles-de-grande-capacite-avec-broderie-personnalisee-USB-sac-pour-ordinateur-portable-17-etanche-sac-de-voyage-daffaires-extensible-40L-WAFFIR.MA-DES-S-4-600x248.webp 600w, https:\/\/waffir.ma\/wp-content\/uploads\/2024\/09\/Sacs-a-dos-extensibles-de-grande-capacite-avec-broderie-personnalisee-USB-sac-pour-ordinateur-portable-17-etanche-sac-de-voyage-daffaires-extensible-40L-WAFFIR.MA-DES-S-4-150x62.webp 150w\" sizes=\"(max-width: 790px) 100vw, 790px\" \/><\/p>\n<p>&nbsp;<\/p>\n<p><img loading=\"lazy\" decoding=\"async\" class=\"aligncenter size-full wp-image-5439\" src=\"https:\/\/waffir.ma\/wp-content\/uploads\/2024\/09\/Sacs-a-dos-extensibles-de-grande-capacite-avec-broderie-personnalisee-chargement-USB-sac-pour-ordinateur-portable-17-etanche-sac-de-voyage-daffaires-extensible-40L-17.webp\" alt=\"Sacs \u00e0 dos extensibles de grande capacit\u00e9 avec broderie personnalis\u00e9e, USB, sac pour ordinateur portable 17 , \u00e9tanche, sac de voyage d'affaires extensible, 40L WAFFIR.MA\" width=\"790\" height=\"741\" srcset=\"https:\/\/waffir.ma\/wp-content\/uploads\/2024\/09\/Sacs-a-dos-extensibles-de-grande-capacite-avec-broderie-personnalisee-chargement-USB-sac-pour-ordinateur-portable-17-etanche-sac-de-voyage-daffaires-extensible-40L-17.webp 790w, https:\/\/waffir.ma\/wp-content\/uploads\/2024\/09\/Sacs-a-dos-extensibles-de-grande-capacite-avec-broderie-personnalisee-chargement-USB-sac-pour-ordinateur-portable-17-etanche-sac-de-voyage-daffaires-extensible-40L-17-300x281.webp 300w, https:\/\/waffir.ma\/wp-content\/uploads\/2024\/09\/Sacs-a-dos-extensibles-de-grande-capacite-avec-broderie-personnalisee-chargement-USB-sac-pour-ordinateur-portable-17-etanche-sac-de-voyage-daffaires-extensible-40L-17-768x720.webp 768w, https:\/\/waffir.ma\/wp-content\/uploads\/2024\/09\/Sacs-a-dos-extensibles-de-grande-capacite-avec-broderie-personnalisee-chargement-USB-sac-pour-ordinateur-portable-17-etanche-sac-de-voyage-daffaires-extensible-40L-17-600x563.webp 600w, https:\/\/waffir.ma\/wp-content\/uploads\/2024\/09\/Sacs-a-dos-extensibles-de-grande-capacite-avec-broderie-personnalisee-chargement-USB-sac-pour-ordinateur-portable-17-etanche-sac-de-voyage-daffaires-extensible-40L-17-150x141.webp 150w\" sizes=\"(max-width: 790px) 100vw, 790px\" \/><\/p>\n<p><strong>\u00c9tanche et port USB : Fabriqu\u00e9 en nylon sp\u00e9cial imperm\u00e9able de haute qualit\u00e9, r\u00e9sistant aux rayures et aux d\u00e9chirures et en cuir synth\u00e9tique respirant et r\u00e9sistant \u00e0 l&#8217;abrasion. Une ite goutte de pluie ou d&#8217;eau ne p\u00e9n\u00e8tre pas dans le sac. Ce sac \u00e0 dos Weekender dispose d&#8217;un port USB pour que vous puissiez facilement charger votre smartphone en d\u00e9placement.<\/strong><\/p>\n<p><img loading=\"lazy\" decoding=\"async\" class=\"aligncenter size-full wp-image-5438\" src=\"https:\/\/waffir.ma\/wp-content\/uploads\/2024\/09\/Sacs-a-dos-extensibles-de-grande-capacite-avec-broderie-personnalisee-USB-sac-pour-ordinateur-portable-17-etanche-sac-de-voyage-daffaires-extensible-40L-WAFFIR.MA-DESC-1.webp\" alt=\"Sacs \u00e0 dos extensibles de grande capacit\u00e9 avec broderie personnalis\u00e9e, USB, sac pour ordinateur portable 17 , \u00e9tanche, sac de voyage d'affaires extensible, 40L WAFFIR.MA\" width=\"790\" height=\"1120\" srcset=\"https:\/\/waffir.ma\/wp-content\/uploads\/2024\/09\/Sacs-a-dos-extensibles-de-grande-capacite-avec-broderie-personnalisee-USB-sac-pour-ordinateur-portable-17-etanche-sac-de-voyage-daffaires-extensible-40L-WAFFIR.MA-DESC-1.webp 790w, https:\/\/waffir.ma\/wp-content\/uploads\/2024\/09\/Sacs-a-dos-extensibles-de-grande-capacite-avec-broderie-personnalisee-USB-sac-pour-ordinateur-portable-17-etanche-sac-de-voyage-daffaires-extensible-40L-WAFFIR.MA-DESC-1-212x300.webp 212w, https:\/\/waffir.ma\/wp-content\/uploads\/2024\/09\/Sacs-a-dos-extensibles-de-grande-capacite-avec-broderie-personnalisee-USB-sac-pour-ordinateur-portable-17-etanche-sac-de-voyage-daffaires-extensible-40L-WAFFIR.MA-DESC-1-722x1024.webp 722w, https:\/\/waffir.ma\/wp-content\/uploads\/2024\/09\/Sacs-a-dos-extensibles-de-grande-capacite-avec-broderie-personnalisee-USB-sac-pour-ordinateur-portable-17-etanche-sac-de-voyage-daffaires-extensible-40L-WAFFIR.MA-DESC-1-768x1089.webp 768w, https:\/\/waffir.ma\/wp-content\/uploads\/2024\/09\/Sacs-a-dos-extensibles-de-grande-capacite-avec-broderie-personnalisee-USB-sac-pour-ordinateur-portable-17-etanche-sac-de-voyage-daffaires-extensible-40L-WAFFIR.MA-DESC-1-600x851.webp 600w, https:\/\/waffir.ma\/wp-content\/uploads\/2024\/09\/Sacs-a-dos-extensibles-de-grande-capacite-avec-broderie-personnalisee-USB-sac-pour-ordinateur-portable-17-etanche-sac-de-voyage-daffaires-extensible-40L-WAFFIR.MA-DESC-1-150x213.webp 150w\" sizes=\"(max-width: 790px) 100vw, 790px\" \/><\/p>\n<p>&nbsp;<\/p>\n<p><img loading=\"lazy\" decoding=\"async\" class=\"aligncenter size-full wp-image-5444\" src=\"https:\/\/waffir.ma\/wp-content\/uploads\/2024\/09\/Sacs-a-dos-extensibles-de-grande-capacite-avec-broderie-personnalisee-USB-sac-pour-ordinateur-portable-17-etanche-sac-de-voyage-daffaires-extensible-40L-WAFFIR.MA-D-7.webp\" alt=\"Sacs \u00e0 dos extensibles de grande capacit\u00e9 avec broderie personnalis\u00e9e, USB, sac pour ordinateur portable 17 , \u00e9tanche, sac de voyage d'affaires extensible, 40L WAFFIR.MA\" width=\"800\" height=\"800\" srcset=\"https:\/\/waffir.ma\/wp-content\/uploads\/2024\/09\/Sacs-a-dos-extensibles-de-grande-capacite-avec-broderie-personnalisee-USB-sac-pour-ordinateur-portable-17-etanche-sac-de-voyage-daffaires-extensible-40L-WAFFIR.MA-D-7.webp 800w, https:\/\/waffir.ma\/wp-content\/uploads\/2024\/09\/Sacs-a-dos-extensibles-de-grande-capacite-avec-broderie-personnalisee-USB-sac-pour-ordinateur-portable-17-etanche-sac-de-voyage-daffaires-extensible-40L-WAFFIR.MA-D-7-300x300.webp 300w, https:\/\/waffir.ma\/wp-content\/uploads\/2024\/09\/Sacs-a-dos-extensibles-de-grande-capacite-avec-broderie-personnalisee-USB-sac-pour-ordinateur-portable-17-etanche-sac-de-voyage-daffaires-extensible-40L-WAFFIR.MA-D-7-150x150.webp 150w, https:\/\/waffir.ma\/wp-content\/uploads\/2024\/09\/Sacs-a-dos-extensibles-de-grande-capacite-avec-broderie-personnalisee-USB-sac-pour-ordinateur-portable-17-etanche-sac-de-voyage-daffaires-extensible-40L-WAFFIR.MA-D-7-768x768.webp 768w, https:\/\/waffir.ma\/wp-content\/uploads\/2024\/09\/Sacs-a-dos-extensibles-de-grande-capacite-avec-broderie-personnalisee-USB-sac-pour-ordinateur-portable-17-etanche-sac-de-voyage-daffaires-extensible-40L-WAFFIR.MA-D-7-330x330.webp 330w, https:\/\/waffir.ma\/wp-content\/uploads\/2024\/09\/Sacs-a-dos-extensibles-de-grande-capacite-avec-broderie-personnalisee-USB-sac-pour-ordinateur-portable-17-etanche-sac-de-voyage-daffaires-extensible-40L-WAFFIR.MA-D-7-600x600.webp 600w\" sizes=\"(max-width: 800px) 100vw, 800px\" \/><br \/>\n<strong>Portabilit\u00e9 : Peut \u00eatre utilis\u00e9 comme sac \u00e0 dos, bagage \u00e0 main ou sac de transport. Avec les s lat\u00e9rales, vous pouvez transformer le sac en sac de transport. Et vous pouvez ranger vos objets de valeur dans une serrure antivol pr\u00e8s du dos.<\/strong><\/p>\n<p><img loading=\"lazy\" decoding=\"async\" class=\"aligncenter size-full wp-image-5447\" src=\"https:\/\/waffir.ma\/wp-content\/uploads\/2024\/09\/Sacs-a-dos-extensibles-de-grande-capacite-avec-broderie-personnalisee-USB-sac-pour-ordinateur-portable-17-etanche-sac-de-voyage-daffaires-extensible-40L-WAFFIR.MA-D-10.webp\" alt=\"Sacs \u00e0 dos extensibles de grande capacit\u00e9 avec broderie personnalis\u00e9e, USB, sac pour ordinateur portable 17 , \u00e9tanche, sac de voyage d'affaires extensible, 40L WAFFIR.MA\" width=\"790\" height=\"836\" srcset=\"https:\/\/waffir.ma\/wp-content\/uploads\/2024\/09\/Sacs-a-dos-extensibles-de-grande-capacite-avec-broderie-personnalisee-USB-sac-pour-ordinateur-portable-17-etanche-sac-de-voyage-daffaires-extensible-40L-WAFFIR.MA-D-10.webp 790w, https:\/\/waffir.ma\/wp-content\/uploads\/2024\/09\/Sacs-a-dos-extensibles-de-grande-capacite-avec-broderie-personnalisee-USB-sac-pour-ordinateur-portable-17-etanche-sac-de-voyage-daffaires-extensible-40L-WAFFIR.MA-D-10-283x300.webp 283w, https:\/\/waffir.ma\/wp-content\/uploads\/2024\/09\/Sacs-a-dos-extensibles-de-grande-capacite-avec-broderie-personnalisee-USB-sac-pour-ordinateur-portable-17-etanche-sac-de-voyage-daffaires-extensible-40L-WAFFIR.MA-D-10-768x813.webp 768w, https:\/\/waffir.ma\/wp-content\/uploads\/2024\/09\/Sacs-a-dos-extensibles-de-grande-capacite-avec-broderie-personnalisee-USB-sac-pour-ordinateur-portable-17-etanche-sac-de-voyage-daffaires-extensible-40L-WAFFIR.MA-D-10-600x635.webp 600w, https:\/\/waffir.ma\/wp-content\/uploads\/2024\/09\/Sacs-a-dos-extensibles-de-grande-capacite-avec-broderie-personnalisee-USB-sac-pour-ordinateur-portable-17-etanche-sac-de-voyage-daffaires-extensible-40L-WAFFIR.MA-D-10-150x159.webp 150w\" sizes=\"(max-width: 790px) 100vw, 790px\" \/><\/p>\n<p>&nbsp;<\/p>\n<p><img loading=\"lazy\" decoding=\"async\" class=\"aligncenter size-full wp-image-5437\" src=\"https:\/\/waffir.ma\/wp-content\/uploads\/2024\/09\/Sacs-a-dos-extensibles-de-grande-capacite-avec-broderie-personnalisee-USB-sac-pour-ordinateur-portable-17-etanche-sac-de-voyage-daffaires-extensible-40L-WAFFIR.MA-DES-SAC-1.webp\" alt=\"Sacs \u00e0 dos extensibles de grande capacit\u00e9 avec broderie personnalis\u00e9e, USB, sac pour ordinateur portable 17 , \u00e9tanche, sac de voyage d'affaires extensible, 40L WAFFIR.MA\" width=\"679\" height=\"795\" srcset=\"https:\/\/waffir.ma\/wp-content\/uploads\/2024\/09\/Sacs-a-dos-extensibles-de-grande-capacite-avec-broderie-personnalisee-USB-sac-pour-ordinateur-portable-17-etanche-sac-de-voyage-daffaires-extensible-40L-WAFFIR.MA-DES-SAC-1.webp 679w, https:\/\/waffir.ma\/wp-content\/uploads\/2024\/09\/Sacs-a-dos-extensibles-de-grande-capacite-avec-broderie-personnalisee-USB-sac-pour-ordinateur-portable-17-etanche-sac-de-voyage-daffaires-extensible-40L-WAFFIR.MA-DES-SAC-1-256x300.webp 256w, https:\/\/waffir.ma\/wp-content\/uploads\/2024\/09\/Sacs-a-dos-extensibles-de-grande-capacite-avec-broderie-personnalisee-USB-sac-pour-ordinateur-portable-17-etanche-sac-de-voyage-daffaires-extensible-40L-WAFFIR.MA-DES-SAC-1-600x703.webp 600w, https:\/\/waffir.ma\/wp-content\/uploads\/2024\/09\/Sacs-a-dos-extensibles-de-grande-capacite-avec-broderie-personnalisee-USB-sac-pour-ordinateur-portable-17-etanche-sac-de-voyage-daffaires-extensible-40L-WAFFIR.MA-DES-SAC-1-150x176.webp 150w\" sizes=\"(max-width: 679px) 100vw, 679px\" \/><br \/>\n<strong>Easyjet Cabin Backpack 45 x 36 x 20 : Ce sac \u00e0 dos de voyage de grande capacit\u00e9 est le sac \u00e0 main parfait pour vos voyages. Le sac \u00e0 dos mesure avant le d\u00e9pliage : 45 x 36 x 20 cm, la taille maximale que vous pouvez emporter ement dans la cabine lorsque vous voyagez avec easyJet. Le sac \u00e0 dos \u00e9tanche de 32 litres peut \u00eatre rang\u00e9 sous les si\u00e8ges easyJet et dans les bagages \u00e0 main.<\/strong><\/p>\n<p><img loading=\"lazy\" decoding=\"async\" class=\"aligncenter size-full wp-image-5436\" src=\"https:\/\/waffir.ma\/wp-content\/uploads\/2024\/09\/Sacs-a-dos-extensibles-de-grande-capacite-avec-broderie-personnalisee-USB-sac-pour-ordinateur-portable-17-etanche-sac-de-voyage-daffaires-extensible-40L-WAFFIR.MA-DES-S.webp\" alt=\"Sacs \u00e0 dos extensibles de grande capacit\u00e9 avec broderie personnalis\u00e9e, USB, sac pour ordinateur portable 17 , \u00e9tanche, sac de voyage d'affaires extensible, 40L WAFFIR.MA\" width=\"800\" height=\"800\" srcset=\"https:\/\/waffir.ma\/wp-content\/uploads\/2024\/09\/Sacs-a-dos-extensibles-de-grande-capacite-avec-broderie-personnalisee-USB-sac-pour-ordinateur-portable-17-etanche-sac-de-voyage-daffaires-extensible-40L-WAFFIR.MA-DES-S.webp 800w, https:\/\/waffir.ma\/wp-content\/uploads\/2024\/09\/Sacs-a-dos-extensibles-de-grande-capacite-avec-broderie-personnalisee-USB-sac-pour-ordinateur-portable-17-etanche-sac-de-voyage-daffaires-extensible-40L-WAFFIR.MA-DES-S-300x300.webp 300w, https:\/\/waffir.ma\/wp-content\/uploads\/2024\/09\/Sacs-a-dos-extensibles-de-grande-capacite-avec-broderie-personnalisee-USB-sac-pour-ordinateur-portable-17-etanche-sac-de-voyage-daffaires-extensible-40L-WAFFIR.MA-DES-S-150x150.webp 150w, https:\/\/waffir.ma\/wp-content\/uploads\/2024\/09\/Sacs-a-dos-extensibles-de-grande-capacite-avec-broderie-personnalisee-USB-sac-pour-ordinateur-portable-17-etanche-sac-de-voyage-daffaires-extensible-40L-WAFFIR.MA-DES-S-768x768.webp 768w, https:\/\/waffir.ma\/wp-content\/uploads\/2024\/09\/Sacs-a-dos-extensibles-de-grande-capacite-avec-broderie-personnalisee-USB-sac-pour-ordinateur-portable-17-etanche-sac-de-voyage-daffaires-extensible-40L-WAFFIR.MA-DES-S-330x330.webp 330w, https:\/\/waffir.ma\/wp-content\/uploads\/2024\/09\/Sacs-a-dos-extensibles-de-grande-capacite-avec-broderie-personnalisee-USB-sac-pour-ordinateur-portable-17-etanche-sac-de-voyage-daffaires-extensible-40L-WAFFIR.MA-DES-S-600x600.webp 600w\" sizes=\"(max-width: 800px) 100vw, 800px\" \/><\/p>\n<p><strong>Technique: Jacquard<\/strong><\/p>\n<p><strong>Int\u00e9rieur: poche de fente int\u00e9rieure, poche de t\u00e9l\u00e9phone portable, poche int\u00e9rieure de tirette, support int\u00e9rieur de cha\u00eene principale, compartiment int\u00e9rieur, intercalaire d&#8217;ordinateur\u00a0<\/strong><\/p>\n<p><strong><img loading=\"lazy\" decoding=\"async\" class=\"aligncenter size-full wp-image-5441\" src=\"https:\/\/waffir.ma\/wp-content\/uploads\/2024\/09\/Sacs-a-dos-extensibles-de-grande-capacite-avec-broderie-personnalisee-USB-sac-pour-ordinateur-portable-17-etanche-sac-de-voyage-daffaires-extensible-40L-WAFFIR.MA-D-4.webp\" alt=\"Sacs \u00e0 dos extensibles de grande capacit\u00e9 avec broderie personnalis\u00e9e, USB, sac pour ordinateur portable 17 , \u00e9tanche, sac de voyage d'affaires extensible, 40L WAFFIR.MA\" width=\"790\" height=\"798\" srcset=\"https:\/\/waffir.ma\/wp-content\/uploads\/2024\/09\/Sacs-a-dos-extensibles-de-grande-capacite-avec-broderie-personnalisee-USB-sac-pour-ordinateur-portable-17-etanche-sac-de-voyage-daffaires-extensible-40L-WAFFIR.MA-D-4.webp 790w, https:\/\/waffir.ma\/wp-content\/uploads\/2024\/09\/Sacs-a-dos-extensibles-de-grande-capacite-avec-broderie-personnalisee-USB-sac-pour-ordinateur-portable-17-etanche-sac-de-voyage-daffaires-extensible-40L-WAFFIR.MA-D-4-297x300.webp 297w, https:\/\/waffir.ma\/wp-content\/uploads\/2024\/09\/Sacs-a-dos-extensibles-de-grande-capacite-avec-broderie-personnalisee-USB-sac-pour-ordinateur-portable-17-etanche-sac-de-voyage-daffaires-extensible-40L-WAFFIR.MA-D-4-768x776.webp 768w, https:\/\/waffir.ma\/wp-content\/uploads\/2024\/09\/Sacs-a-dos-extensibles-de-grande-capacite-avec-broderie-personnalisee-USB-sac-pour-ordinateur-portable-17-etanche-sac-de-voyage-daffaires-extensible-40L-WAFFIR.MA-D-4-600x606.webp 600w, https:\/\/waffir.ma\/wp-content\/uploads\/2024\/09\/Sacs-a-dos-extensibles-de-grande-capacite-avec-broderie-personnalisee-USB-sac-pour-ordinateur-portable-17-etanche-sac-de-voyage-daffaires-extensible-40L-WAFFIR.MA-D-4-150x152.webp 150w\" sizes=\"(max-width: 790px) 100vw, 790px\" \/><\/strong><\/p>\n<p><strong>Type de poign\u00e9e\/sangle: poign\u00e9e souple<\/strong><\/p>\n<p><strong>Style: Affaires<\/strong><\/p>\n<p><strong>Ext\u00e9rieur: Sac solide<\/strong><\/p>\n<p><strong>Mod\u00e8le n \u00b0: B00227<\/strong><\/p>\n<p><strong>Syst\u00e8me de transport: Bandouli\u00e8re arqu\u00e9e<\/strong><\/p>\n<p><strong>Housse de pluie: Oui<\/strong><\/p>\n<p><strong>Capacit\u00e9: 36-55 litres<\/strong><\/p>\n<p><strong>Mat\u00e9riau de la doublure: Polyester<\/strong><\/p>\n<p><strong>Type de fermeture: fermeture \u00e9clair<\/strong><\/p>\n<p><strong>Type de sacs \u00e0 dos: Softback<\/strong><\/p>\n<p><strong>Type de motif: Solide<\/strong><\/p>\n<p><strong>Sexe: HOMMES\/FAMME<\/strong><\/p>\n<p><strong>D\u00e9coration: Lettre<\/strong><\/p>\n<p><strong>Mat\u00e9riau principal: nylon<\/strong><\/p>\n<p><strong>CN : Hebei<\/strong><\/p>\n<p><strong>Type d&#8217;article: Sacs \u00e0 dos<\/strong><\/p>\n<p><strong>Taille: 47cm * 31cm * 19cm<\/strong><\/p>\n<p><strong>Taille +5CM : 47cm * 31cm * 23cm<\/strong><\/p>\n<p><strong>Couleur: noir, noir gris<\/strong><\/p>\n<p><img loading=\"lazy\" decoding=\"async\" class=\"aligncenter size-full wp-image-5455\" src=\"https:\/\/waffir.ma\/wp-content\/uploads\/2024\/09\/Sacs-a-dos-extensibles-de-grande-capacite-avec-broderie-personnalisee-USB-sac-pour-ordinateur-portable-17etanche-sac-de-voyage-daffaires-extensible40L-WAFFIR.MA-MAROC-SAC-9.webp\" alt=\"Sacs \u00e0 dos extensibles de grande capacit\u00e9 avec broderie personnalis\u00e9e, USB, sac pour ordinateur portable 17 , \u00e9tanche, sac de voyage d'affaires extensible, 40L WAFFIR.MA\" width=\"800\" height=\"792\" srcset=\"https:\/\/waffir.ma\/wp-content\/uploads\/2024\/09\/Sacs-a-dos-extensibles-de-grande-capacite-avec-broderie-personnalisee-USB-sac-pour-ordinateur-portable-17etanche-sac-de-voyage-daffaires-extensible40L-WAFFIR.MA-MAROC-SAC-9.webp 800w, https:\/\/waffir.ma\/wp-content\/uploads\/2024\/09\/Sacs-a-dos-extensibles-de-grande-capacite-avec-broderie-personnalisee-USB-sac-pour-ordinateur-portable-17etanche-sac-de-voyage-daffaires-extensible40L-WAFFIR.MA-MAROC-SAC-9-300x297.webp 300w, https:\/\/waffir.ma\/wp-content\/uploads\/2024\/09\/Sacs-a-dos-extensibles-de-grande-capacite-avec-broderie-personnalisee-USB-sac-pour-ordinateur-portable-17etanche-sac-de-voyage-daffaires-extensible40L-WAFFIR.MA-MAROC-SAC-9-150x149.webp 150w, https:\/\/waffir.ma\/wp-content\/uploads\/2024\/09\/Sacs-a-dos-extensibles-de-grande-capacite-avec-broderie-personnalisee-USB-sac-pour-ordinateur-portable-17etanche-sac-de-voyage-daffaires-extensible40L-WAFFIR.MA-MAROC-SAC-9-768x760.webp 768w, https:\/\/waffir.ma\/wp-content\/uploads\/2024\/09\/Sacs-a-dos-extensibles-de-grande-capacite-avec-broderie-personnalisee-USB-sac-pour-ordinateur-portable-17etanche-sac-de-voyage-daffaires-extensible40L-WAFFIR.MA-MAROC-SAC-9-600x594.webp 600w\" sizes=\"(max-width: 800px) 100vw, 800px\" \/><\/p>\n","protected":false},"excerpt":{"rendered":"<p>Sac d&#8217;affaires\u00a0 drapeau national 40L sacs \u00e0 dos extensibles Port de charge USB 17 pouces sac pour ordinateur portable \u00e9tanche<\/p>\n","protected":false},"featured_media":5463,"comment_status":"open","ping_status":"closed","template":"","meta":[],"product_brand":[],"product_cat":[210,307,539,323],"product_tag":[540,535,536],"class_list":["post-5460","product","type-product","status-publish","has-post-thumbnail","product_cat-210","product_cat-307","product_cat-539","product_cat-outdoor-fitness-sport","product_tag-business-sac-ar","product_tag-sac-ar","product_tag-sac-a-dos-ar","first","instock","sale","shipping-taxable","purchasable","product-type-simple"],"_links":{"self":[{"href":"https:\/\/waffir.ma\/ar\/wp-json\/wp\/v2\/product\/5460","targetHints":{"allow":["GET"]}}],"collection":[{"href":"https:\/\/waffir.ma\/ar\/wp-json\/wp\/v2\/product"}],"about":[{"href":"https:\/\/waffir.ma\/ar\/wp-json\/wp\/v2\/types\/product"}],"replies":[{"embeddable":true,"href":"https:\/\/waffir.ma\/ar\/wp-json\/wp\/v2\/comments?post=5460"}],"version-history":[{"count":0,"href":"https:\/\/waffir.ma\/ar\/wp-json\/wp\/v2\/product\/5460\/revisions"}],"wp:featuredmedia":[{"embeddable":true,"href":"https:\/\/waffir.ma\/ar\/wp-json\/wp\/v2\/media\/5463"}],"wp:attachment":[{"href":"https:\/\/waffir.ma\/ar\/wp-json\/wp\/v2\/media?parent=5460"}],"wp:term":[{"taxonomy":"product_brand","embeddable":true,"href":"https:\/\/waffir.ma\/ar\/wp-json\/wp\/v2\/product_brand?post=5460"},{"taxonomy":"product_cat","embeddable":true,"href":"https:\/\/waffir.ma\/ar\/wp-json\/wp\/v2\/product_cat?post=5460"},{"taxonomy":"product_tag","embeddable":true,"href":"https:\/\/waffir.ma\/ar\/wp-json\/wp\/v2\/product_tag?post=5460"}],"curies":[{"name":"wp","href":"https:\/\/api.w.org\/{rel}","templated":true}]}}