{"id":5467,"date":"2024-12-28T21:31:49","date_gmt":"2024-12-28T20:31:49","guid":{"rendered":"https:\/\/waffir.ma\/?post_type=product&#038;p=5467"},"modified":"2026-07-30T21:34:27","modified_gmt":"2026-07-30T20:34:27","slug":"crossten-swiss-sac-a-dos-multifonctionnel-chargement-usb-15-6-sac-pour-ordinateur-portable-sac-de-voyage-antivol-mince-durable-degre-deau","status":"publish","type":"product","link":"https:\/\/waffir.ma\/ar\/product\/crossten-swiss-sac-a-dos-multifonctionnel-chargement-usb-15-6-sac-pour-ordinateur-portable-sac-de-voyage-antivol-mince-durable-degre-deau\/","title":{"rendered":"Crossten Swiss-Sac \u00e0 dos multifonctionnel, chargement USB 15.6, sac pour ordinateur portable, sac de voyage antivol, mince, durable, degr\u00e9 d&#8217;eau"},"content":{"rendered":"<h1 style=\"text-align: center;\"><strong><span style=\"font-size: 20px;\">Sac <\/span><span style=\"font-size: 20px;\">d&#8217;affaires \u00a0de marque pour ordinateur portable 15.6 pouces, sacoche \u00e9tanche \u00e0 bandouli\u00e8re pour homme et femme, cartable pour ordinateur PC <\/span><span style=\"font-size: 20px;\">Sac \u00e0 dos<\/span><\/strong><\/h1>\n<p style=\"text-align: center;\"><strong><img fetchpriority=\"high\" decoding=\"async\" class=\"aligncenter size-full wp-image-5531\" src=\"https:\/\/waffir.ma\/wp-content\/uploads\/2039\/09\/Crossten-Swiss-Sac-a-dos-multifonctionnel-chargement-USB-15.6-sac-pour-ordinateur-portable-sac-de-voyage-antivol-mince-durable-degre-deau-WAFFIR.MA-SAC-MAROC-DESCRIPTION-9.jpeg\" alt=\"Sac d'affaires \u00a0de marque pour ordinateur portable 15.6 pouces, sacoche \u00e9tanche \u00e0 bandouli\u00e8re pour homme et femme, cartable pour ordinateur PC Sac \u00e0 dos WAFIIR MAROC DESCRIPTION\" width=\"750\" height=\"949\" srcset=\"https:\/\/waffir.ma\/wp-content\/uploads\/2039\/09\/Crossten-Swiss-Sac-a-dos-multifonctionnel-chargement-USB-15.6-sac-pour-ordinateur-portable-sac-de-voyage-antivol-mince-durable-degre-deau-WAFFIR.MA-SAC-MAROC-DESCRIPTION-9.jpeg 750w, https:\/\/waffir.ma\/wp-content\/uploads\/2039\/09\/Crossten-Swiss-Sac-a-dos-multifonctionnel-chargement-USB-15.6-sac-pour-ordinateur-portable-sac-de-voyage-antivol-mince-durable-degre-deau-WAFFIR.MA-SAC-MAROC-DESCRIPTION-9-237x300.jpeg 237w, https:\/\/waffir.ma\/wp-content\/uploads\/2039\/09\/Crossten-Swiss-Sac-a-dos-multifonctionnel-chargement-USB-15.6-sac-pour-ordinateur-portable-sac-de-voyage-antivol-mince-durable-degre-deau-WAFFIR.MA-SAC-MAROC-DESCRIPTION-9-600x759.jpeg 600w, https:\/\/waffir.ma\/wp-content\/uploads\/2039\/09\/Crossten-Swiss-Sac-a-dos-multifonctionnel-chargement-USB-15.6-sac-pour-ordinateur-portable-sac-de-voyage-antivol-mince-durable-degre-deau-WAFFIR.MA-SAC-MAROC-DESCRIPTION-9-150x190.jpeg 150w\" sizes=\"(max-width: 750px) 100vw, 750px\" \/><\/strong><\/p>\n<p>&nbsp;<\/p>\n<p><strong><img decoding=\"async\" class=\"aligncenter size-full wp-image-5517\" src=\"https:\/\/waffir.ma\/wp-content\/uploads\/2039\/09\/Crossten-Swiss-Sac-a-dos-multifonctionnel-chargement-USB-15.6-sac-pour-ordinateur-portable-sac-de-voyage-antivol-mince-durable-degre-deau-WAFFIR.MA-SAC-MAROC-DESCRIPTION-3.jpeg\" alt=\"Sac d'affaires \u00a0de marque pour ordinateur portable 15.6 pouces, sacoche \u00e9tanche \u00e0 bandouli\u00e8re pour homme et femme, cartable pour ordinateur PC Sac \u00e0 dos WAFIIR MAROC DESCRIPTION\" width=\"750\" height=\"504\" srcset=\"https:\/\/waffir.ma\/wp-content\/uploads\/2039\/09\/Crossten-Swiss-Sac-a-dos-multifonctionnel-chargement-USB-15.6-sac-pour-ordinateur-portable-sac-de-voyage-antivol-mince-durable-degre-deau-WAFFIR.MA-SAC-MAROC-DESCRIPTION-3.jpeg 750w, https:\/\/waffir.ma\/wp-content\/uploads\/2039\/09\/Crossten-Swiss-Sac-a-dos-multifonctionnel-chargement-USB-15.6-sac-pour-ordinateur-portable-sac-de-voyage-antivol-mince-durable-degre-deau-WAFFIR.MA-SAC-MAROC-DESCRIPTION-3-300x202.jpeg 300w, https:\/\/waffir.ma\/wp-content\/uploads\/2039\/09\/Crossten-Swiss-Sac-a-dos-multifonctionnel-chargement-USB-15.6-sac-pour-ordinateur-portable-sac-de-voyage-antivol-mince-durable-degre-deau-WAFFIR.MA-SAC-MAROC-DESCRIPTION-3-600x403.jpeg 600w, https:\/\/waffir.ma\/wp-content\/uploads\/2039\/09\/Crossten-Swiss-Sac-a-dos-multifonctionnel-chargement-USB-15.6-sac-pour-ordinateur-portable-sac-de-voyage-antivol-mince-durable-degre-deau-WAFFIR.MA-SAC-MAROC-DESCRIPTION-3-150x101.jpeg 150w\" sizes=\"(max-width: 750px) 100vw, 750px\" \/><\/strong><\/p>\n<p><strong><img decoding=\"async\" class=\"aligncenter size-full wp-image-5518\" src=\"https:\/\/waffir.ma\/wp-content\/uploads\/2039\/09\/Crossten-Swiss-Sac-a-dos-multifonctionnel-chargement-USB-15.6-sac-pour-ordinateur-portable-sac-de-voyage-antivol-mince-durable-degre-deau-WAFFIR.MA-SAC-MAROC-DESCRIPTION-2.jpeg\" alt=\"Sac d'affaires \u00a0de marque pour ordinateur portable 15.6 pouces, sacoche \u00e9tanche \u00e0 bandouli\u00e8re pour homme et femme, cartable pour ordinateur PC Sac \u00e0 dos WAFIIR MAROC DESCRIPTION\" width=\"750\" height=\"537\" srcset=\"https:\/\/waffir.ma\/wp-content\/uploads\/2039\/09\/Crossten-Swiss-Sac-a-dos-multifonctionnel-chargement-USB-15.6-sac-pour-ordinateur-portable-sac-de-voyage-antivol-mince-durable-degre-deau-WAFFIR.MA-SAC-MAROC-DESCRIPTION-2.jpeg 750w, https:\/\/waffir.ma\/wp-content\/uploads\/2039\/09\/Crossten-Swiss-Sac-a-dos-multifonctionnel-chargement-USB-15.6-sac-pour-ordinateur-portable-sac-de-voyage-antivol-mince-durable-degre-deau-WAFFIR.MA-SAC-MAROC-DESCRIPTION-2-300x215.jpeg 300w, https:\/\/waffir.ma\/wp-content\/uploads\/2039\/09\/Crossten-Swiss-Sac-a-dos-multifonctionnel-chargement-USB-15.6-sac-pour-ordinateur-portable-sac-de-voyage-antivol-mince-durable-degre-deau-WAFFIR.MA-SAC-MAROC-DESCRIPTION-2-600x430.jpeg 600w, https:\/\/waffir.ma\/wp-content\/uploads\/2039\/09\/Crossten-Swiss-Sac-a-dos-multifonctionnel-chargement-USB-15.6-sac-pour-ordinateur-portable-sac-de-voyage-antivol-mince-durable-degre-deau-WAFFIR.MA-SAC-MAROC-DESCRIPTION-2-150x107.jpeg 150w\" sizes=\"(max-width: 750px) 100vw, 750px\" \/><\/strong><\/p>\n<p><strong>Espace de stockage et poches : Un compartiment s\u00e9par\u00e9 pour ordinateur portable peut accueillir un ordinateur portable de 15.6 pouces ainsi qu&#8217;un Macbook \/ordinateur portable de 15 pouces, 14 pouces et 13 pouces. Un compartiment spacieux pour iPad, souris, chargeur, classeurs, livres, v\u00eatements, etc. 2 poches sur le devant du sac, organisez vos articles et les trouvez plus facilement.<\/strong><\/p>\n<p><strong><img loading=\"lazy\" decoding=\"async\" class=\"aligncenter size-full wp-image-5535\" src=\"https:\/\/waffir.ma\/wp-content\/uploads\/2039\/09\/Crossten-Swiss-Sac-a-dos-multifonctionnel-chargement-USB-15.6-sac-pour-ordinateur-portable-sac-de-voyage-antivol-mince-durable-degre-deau-WAFFIR.MA-SAC-MAROC-DESCRIPTION-5.jpeg\" alt=\"Sac d'affaires \u00a0de marque pour ordinateur portable 15.6 pouces, sacoche \u00e9tanche \u00e0 bandouli\u00e8re pour homme et femme, cartable pour ordinateur PC Sac \u00e0 dos WAFIIR MAROC DESCRIPTION\" width=\"750\" height=\"773\" srcset=\"https:\/\/waffir.ma\/wp-content\/uploads\/2039\/09\/Crossten-Swiss-Sac-a-dos-multifonctionnel-chargement-USB-15.6-sac-pour-ordinateur-portable-sac-de-voyage-antivol-mince-durable-degre-deau-WAFFIR.MA-SAC-MAROC-DESCRIPTION-5.jpeg 750w, https:\/\/waffir.ma\/wp-content\/uploads\/2039\/09\/Crossten-Swiss-Sac-a-dos-multifonctionnel-chargement-USB-15.6-sac-pour-ordinateur-portable-sac-de-voyage-antivol-mince-durable-degre-deau-WAFFIR.MA-SAC-MAROC-DESCRIPTION-5-291x300.jpeg 291w, https:\/\/waffir.ma\/wp-content\/uploads\/2039\/09\/Crossten-Swiss-Sac-a-dos-multifonctionnel-chargement-USB-15.6-sac-pour-ordinateur-portable-sac-de-voyage-antivol-mince-durable-degre-deau-WAFFIR.MA-SAC-MAROC-DESCRIPTION-5-600x618.jpeg 600w, https:\/\/waffir.ma\/wp-content\/uploads\/2039\/09\/Crossten-Swiss-Sac-a-dos-multifonctionnel-chargement-USB-15.6-sac-pour-ordinateur-portable-sac-de-voyage-antivol-mince-durable-degre-deau-WAFFIR.MA-SAC-MAROC-DESCRIPTION-5-150x155.jpeg 150w\" sizes=\"(max-width: 750px) 100vw, 750px\" \/><\/strong><\/p>\n<p><strong><img loading=\"lazy\" decoding=\"async\" class=\"aligncenter size-full wp-image-5527\" src=\"https:\/\/waffir.ma\/wp-content\/uploads\/2039\/09\/Crossten-Swiss-Sac-a-dos-multifonctionnel-chargement-USB-15.6-sac-pour-ordinateur-portable-sac-de-voyage-antivol-mince-durable-degre-deau-WAFFIR.MA-SAC-MAROC-DESCRIPTION-13.jpeg\" alt=\"Sac d'affaires \u00a0de marque pour ordinateur portable 15.6 pouces, sacoche \u00e9tanche \u00e0 bandouli\u00e8re pour homme et femme, cartable pour ordinateur PC Sac \u00e0 dos WAFIIR MAROC DESCRIPTION\" width=\"750\" height=\"843\" srcset=\"https:\/\/waffir.ma\/wp-content\/uploads\/2039\/09\/Crossten-Swiss-Sac-a-dos-multifonctionnel-chargement-USB-15.6-sac-pour-ordinateur-portable-sac-de-voyage-antivol-mince-durable-degre-deau-WAFFIR.MA-SAC-MAROC-DESCRIPTION-13.jpeg 750w, https:\/\/waffir.ma\/wp-content\/uploads\/2039\/09\/Crossten-Swiss-Sac-a-dos-multifonctionnel-chargement-USB-15.6-sac-pour-ordinateur-portable-sac-de-voyage-antivol-mince-durable-degre-deau-WAFFIR.MA-SAC-MAROC-DESCRIPTION-13-267x300.jpeg 267w, https:\/\/waffir.ma\/wp-content\/uploads\/2039\/09\/Crossten-Swiss-Sac-a-dos-multifonctionnel-chargement-USB-15.6-sac-pour-ordinateur-portable-sac-de-voyage-antivol-mince-durable-degre-deau-WAFFIR.MA-SAC-MAROC-DESCRIPTION-13-600x674.jpeg 600w, https:\/\/waffir.ma\/wp-content\/uploads\/2039\/09\/Crossten-Swiss-Sac-a-dos-multifonctionnel-chargement-USB-15.6-sac-pour-ordinateur-portable-sac-de-voyage-antivol-mince-durable-degre-deau-WAFFIR.MA-SAC-MAROC-DESCRIPTION-13-150x169.jpeg 150w\" sizes=\"(max-width: 750px) 100vw, 750px\" \/> <img loading=\"lazy\" decoding=\"async\" class=\"aligncenter size-full wp-image-5528\" src=\"https:\/\/waffir.ma\/wp-content\/uploads\/2039\/09\/Crossten-Swiss-Sac-a-dos-multifonctionnel-chargement-USB-15.6-sac-pour-ordinateur-portable-sac-de-voyage-antivol-mince-durable-degre-deau-WAFFIR.MA-SAC-MAROC-DESCRIPTION-12.jpeg\" alt=\"Sac d'affaires \u00a0de marque pour ordinateur portable 15.6 pouces, sacoche \u00e9tanche \u00e0 bandouli\u00e8re pour homme et femme, cartable pour ordinateur PC Sac \u00e0 dos WAFIIR MAROC DESCRIPTION\" width=\"750\" height=\"768\" srcset=\"https:\/\/waffir.ma\/wp-content\/uploads\/2039\/09\/Crossten-Swiss-Sac-a-dos-multifonctionnel-chargement-USB-15.6-sac-pour-ordinateur-portable-sac-de-voyage-antivol-mince-durable-degre-deau-WAFFIR.MA-SAC-MAROC-DESCRIPTION-12.jpeg 750w, https:\/\/waffir.ma\/wp-content\/uploads\/2039\/09\/Crossten-Swiss-Sac-a-dos-multifonctionnel-chargement-USB-15.6-sac-pour-ordinateur-portable-sac-de-voyage-antivol-mince-durable-degre-deau-WAFFIR.MA-SAC-MAROC-DESCRIPTION-12-293x300.jpeg 293w, https:\/\/waffir.ma\/wp-content\/uploads\/2039\/09\/Crossten-Swiss-Sac-a-dos-multifonctionnel-chargement-USB-15.6-sac-pour-ordinateur-portable-sac-de-voyage-antivol-mince-durable-degre-deau-WAFFIR.MA-SAC-MAROC-DESCRIPTION-12-600x614.jpeg 600w, https:\/\/waffir.ma\/wp-content\/uploads\/2039\/09\/Crossten-Swiss-Sac-a-dos-multifonctionnel-chargement-USB-15.6-sac-pour-ordinateur-portable-sac-de-voyage-antivol-mince-durable-degre-deau-WAFFIR.MA-SAC-MAROC-DESCRIPTION-12-150x154.jpeg 150w\" sizes=\"(max-width: 750px) 100vw, 750px\" \/><\/strong><\/p>\n<p><strong>CONFORTABLE ET ROBUSTE : Conception confortable du dos \u00e0 flux d&#8217;air avec rembourrage ventil\u00e9 multi-panneaux \u00e9pais mais doux, vous offre un soutien maximal du dos. Bretelles respirantes et r\u00e9glables soulagent le stress de l&#8217;\u00e9paule. Poign\u00e9e sup\u00e9rieure rembourr\u00e9e en mousse pour une longue dur\u00e9e de vie<\/strong><\/p>\n<p><strong><img loading=\"lazy\" decoding=\"async\" class=\"aligncenter size-full wp-image-5529\" src=\"https:\/\/waffir.ma\/wp-content\/uploads\/2039\/09\/Crossten-Swiss-Sac-a-dos-multifonctionnel-chargement-USB-15.6-sac-pour-ordinateur-portable-sac-de-voyage-antivol-mince-durable-degre-deau-WAFFIR.MA-SAC-MAROC-DESCRIPTION-10.jpeg\" alt=\"Sac d'affaires \u00a0de marque pour ordinateur portable 15.6 pouces, sacoche \u00e9tanche \u00e0 bandouli\u00e8re pour homme et femme, cartable pour ordinateur PC Sac \u00e0 dos WAFIIR MAROC DESCRIPTION\" width=\"750\" height=\"713\" srcset=\"https:\/\/waffir.ma\/wp-content\/uploads\/2039\/09\/Crossten-Swiss-Sac-a-dos-multifonctionnel-chargement-USB-15.6-sac-pour-ordinateur-portable-sac-de-voyage-antivol-mince-durable-degre-deau-WAFFIR.MA-SAC-MAROC-DESCRIPTION-10.jpeg 750w, https:\/\/waffir.ma\/wp-content\/uploads\/2039\/09\/Crossten-Swiss-Sac-a-dos-multifonctionnel-chargement-USB-15.6-sac-pour-ordinateur-portable-sac-de-voyage-antivol-mince-durable-degre-deau-WAFFIR.MA-SAC-MAROC-DESCRIPTION-10-300x285.jpeg 300w, https:\/\/waffir.ma\/wp-content\/uploads\/2039\/09\/Crossten-Swiss-Sac-a-dos-multifonctionnel-chargement-USB-15.6-sac-pour-ordinateur-portable-sac-de-voyage-antivol-mince-durable-degre-deau-WAFFIR.MA-SAC-MAROC-DESCRIPTION-10-600x570.jpeg 600w, https:\/\/waffir.ma\/wp-content\/uploads\/2039\/09\/Crossten-Swiss-Sac-a-dos-multifonctionnel-chargement-USB-15.6-sac-pour-ordinateur-portable-sac-de-voyage-antivol-mince-durable-degre-deau-WAFFIR.MA-SAC-MAROC-DESCRIPTION-10-150x143.jpeg 150w\" sizes=\"(max-width: 750px) 100vw, 750px\" \/> <img loading=\"lazy\" decoding=\"async\" class=\"aligncenter size-full wp-image-5534\" src=\"https:\/\/waffir.ma\/wp-content\/uploads\/2039\/09\/Crossten-Swiss-Sac-a-dos-multifonctionnel-chargement-USB-15.6-sac-pour-ordinateur-portable-sac-de-voyage-antivol-mince-durable-degre-deau-WAFFIR.MA-SAC-MAROC-DESCRIPTION-6.jpeg\" alt=\"Sac d'affaires \u00a0de marque pour ordinateur portable 15.6 pouces, sacoche \u00e9tanche \u00e0 bandouli\u00e8re pour homme et femme, cartable pour ordinateur PC Sac \u00e0 dos WAFIIR MAROC DESCRIPTION\" width=\"750\" height=\"738\" srcset=\"https:\/\/waffir.ma\/wp-content\/uploads\/2039\/09\/Crossten-Swiss-Sac-a-dos-multifonctionnel-chargement-USB-15.6-sac-pour-ordinateur-portable-sac-de-voyage-antivol-mince-durable-degre-deau-WAFFIR.MA-SAC-MAROC-DESCRIPTION-6.jpeg 750w, https:\/\/waffir.ma\/wp-content\/uploads\/2039\/09\/Crossten-Swiss-Sac-a-dos-multifonctionnel-chargement-USB-15.6-sac-pour-ordinateur-portable-sac-de-voyage-antivol-mince-durable-degre-deau-WAFFIR.MA-SAC-MAROC-DESCRIPTION-6-300x295.jpeg 300w, https:\/\/waffir.ma\/wp-content\/uploads\/2039\/09\/Crossten-Swiss-Sac-a-dos-multifonctionnel-chargement-USB-15.6-sac-pour-ordinateur-portable-sac-de-voyage-antivol-mince-durable-degre-deau-WAFFIR.MA-SAC-MAROC-DESCRIPTION-6-600x590.jpeg 600w, https:\/\/waffir.ma\/wp-content\/uploads\/2039\/09\/Crossten-Swiss-Sac-a-dos-multifonctionnel-chargement-USB-15.6-sac-pour-ordinateur-portable-sac-de-voyage-antivol-mince-durable-degre-deau-WAFFIR.MA-SAC-MAROC-DESCRIPTION-6-150x148.jpeg 150w\" sizes=\"(max-width: 750px) 100vw, 750px\" \/> <img loading=\"lazy\" decoding=\"async\" class=\"aligncenter size-full wp-image-5533\" src=\"https:\/\/waffir.ma\/wp-content\/uploads\/2039\/09\/Crossten-Swiss-Sac-a-dos-multifonctionnel-chargement-USB-15.6-sac-pour-ordinateur-portable-sac-de-voyage-antivol-mince-durable-degre-deau-WAFFIR.MA-SAC-MAROC-DESCRIPTION-7.jpeg\" alt=\"Sac d'affaires \u00a0de marque pour ordinateur portable 15.6 pouces, sacoche \u00e9tanche \u00e0 bandouli\u00e8re pour homme et femme, cartable pour ordinateur PC Sac \u00e0 dos WAFIIR MAROC DESCRIPTION\" width=\"750\" height=\"791\" srcset=\"https:\/\/waffir.ma\/wp-content\/uploads\/2039\/09\/Crossten-Swiss-Sac-a-dos-multifonctionnel-chargement-USB-15.6-sac-pour-ordinateur-portable-sac-de-voyage-antivol-mince-durable-degre-deau-WAFFIR.MA-SAC-MAROC-DESCRIPTION-7.jpeg 750w, https:\/\/waffir.ma\/wp-content\/uploads\/2039\/09\/Crossten-Swiss-Sac-a-dos-multifonctionnel-chargement-USB-15.6-sac-pour-ordinateur-portable-sac-de-voyage-antivol-mince-durable-degre-deau-WAFFIR.MA-SAC-MAROC-DESCRIPTION-7-284x300.jpeg 284w, https:\/\/waffir.ma\/wp-content\/uploads\/2039\/09\/Crossten-Swiss-Sac-a-dos-multifonctionnel-chargement-USB-15.6-sac-pour-ordinateur-portable-sac-de-voyage-antivol-mince-durable-degre-deau-WAFFIR.MA-SAC-MAROC-DESCRIPTION-7-600x633.jpeg 600w, https:\/\/waffir.ma\/wp-content\/uploads\/2039\/09\/Crossten-Swiss-Sac-a-dos-multifonctionnel-chargement-USB-15.6-sac-pour-ordinateur-portable-sac-de-voyage-antivol-mince-durable-degre-deau-WAFFIR.MA-SAC-MAROC-DESCRIPTION-7-150x158.jpeg 150w\" sizes=\"(max-width: 750px) 100vw, 750px\" \/><\/strong><br \/>\n<strong>FONCTIONNEL ET S\u00dbR : Une sangle de bagage permet l&#8217;ajustement du sac \u00e0 dos sur les bagages\/valise<\/strong><\/p>\n<p><strong><img loading=\"lazy\" decoding=\"async\" class=\"aligncenter size-full wp-image-5524\" src=\"https:\/\/waffir.ma\/wp-content\/uploads\/2039\/09\/Crossten-Swiss-Sac-a-dos-multifonctionnel-chargement-USB-15.6-sac-pour-ordinateur-portable-sac-de-voyage-antivol-mince-durable-degre-deau-WAFFIR.MA-SAC-MAROC-DESCRIPTION-16.jpeg\" alt=\"Sac d'affaires \u00a0de marque pour ordinateur portable 15.6 pouces, sacoche \u00e9tanche \u00e0 bandouli\u00e8re pour homme et femme, cartable pour ordinateur PC Sac \u00e0 dos WAFIIR MAROC DESCRIPTION\" width=\"750\" height=\"678\" srcset=\"https:\/\/waffir.ma\/wp-content\/uploads\/2039\/09\/Crossten-Swiss-Sac-a-dos-multifonctionnel-chargement-USB-15.6-sac-pour-ordinateur-portable-sac-de-voyage-antivol-mince-durable-degre-deau-WAFFIR.MA-SAC-MAROC-DESCRIPTION-16.jpeg 750w, https:\/\/waffir.ma\/wp-content\/uploads\/2039\/09\/Crossten-Swiss-Sac-a-dos-multifonctionnel-chargement-USB-15.6-sac-pour-ordinateur-portable-sac-de-voyage-antivol-mince-durable-degre-deau-WAFFIR.MA-SAC-MAROC-DESCRIPTION-16-300x271.jpeg 300w, https:\/\/waffir.ma\/wp-content\/uploads\/2039\/09\/Crossten-Swiss-Sac-a-dos-multifonctionnel-chargement-USB-15.6-sac-pour-ordinateur-portable-sac-de-voyage-antivol-mince-durable-degre-deau-WAFFIR.MA-SAC-MAROC-DESCRIPTION-16-600x542.jpeg 600w, https:\/\/waffir.ma\/wp-content\/uploads\/2039\/09\/Crossten-Swiss-Sac-a-dos-multifonctionnel-chargement-USB-15.6-sac-pour-ordinateur-portable-sac-de-voyage-antivol-mince-durable-degre-deau-WAFFIR.MA-SAC-MAROC-DESCRIPTION-16-150x136.jpeg 150w\" sizes=\"(max-width: 750px) 100vw, 750px\" \/><\/strong><\/p>\n<p><strong><img loading=\"lazy\" decoding=\"async\" class=\"aligncenter size-full wp-image-5521\" src=\"https:\/\/waffir.ma\/wp-content\/uploads\/2039\/09\/Crossten-Swiss-Sac-a-dos-multifonctionnel-chargement-USB-15.6-sac-pour-ordinateur-portable-sac-de-voyage-antivol-mince-durable-degre-deau-WAFFIR.MA-SAC-MAROC-DESCRIPTION-19.jpeg\" alt=\"Sac d'affaires \u00a0de marque pour ordinateur portable 15.6 pouces, sacoche \u00e9tanche \u00e0 bandouli\u00e8re pour homme et femme, cartable pour ordinateur PC Sac \u00e0 dos WAFIIR MAROC DESCRIPTION\" width=\"750\" height=\"866\" srcset=\"https:\/\/waffir.ma\/wp-content\/uploads\/2039\/09\/Crossten-Swiss-Sac-a-dos-multifonctionnel-chargement-USB-15.6-sac-pour-ordinateur-portable-sac-de-voyage-antivol-mince-durable-degre-deau-WAFFIR.MA-SAC-MAROC-DESCRIPTION-19.jpeg 750w, https:\/\/waffir.ma\/wp-content\/uploads\/2039\/09\/Crossten-Swiss-Sac-a-dos-multifonctionnel-chargement-USB-15.6-sac-pour-ordinateur-portable-sac-de-voyage-antivol-mince-durable-degre-deau-WAFFIR.MA-SAC-MAROC-DESCRIPTION-19-260x300.jpeg 260w, https:\/\/waffir.ma\/wp-content\/uploads\/2039\/09\/Crossten-Swiss-Sac-a-dos-multifonctionnel-chargement-USB-15.6-sac-pour-ordinateur-portable-sac-de-voyage-antivol-mince-durable-degre-deau-WAFFIR.MA-SAC-MAROC-DESCRIPTION-19-600x693.jpeg 600w, https:\/\/waffir.ma\/wp-content\/uploads\/2039\/09\/Crossten-Swiss-Sac-a-dos-multifonctionnel-chargement-USB-15.6-sac-pour-ordinateur-portable-sac-de-voyage-antivol-mince-durable-degre-deau-WAFFIR.MA-SAC-MAROC-DESCRIPTION-19-150x173.jpeg 150w\" sizes=\"(max-width: 750px) 100vw, 750px\" \/><\/strong><\/p>\n<p>&nbsp;<\/p>\n<p><strong>CONCEPTION DU PORT USB : Avec un chargeur USB int\u00e9gr\u00e9 \u00e0 l&#8217;ext\u00e9rieur et un c\u00e2ble de charge int\u00e9gr\u00e9 \u00e0 l&#8217;int\u00e9rieur, ce sac \u00e0 dos USB vous offre un moyen plus pratique de recharger votre t\u00e9l\u00e9phone tout en marchant. Prise casque: vous pouvez \u00e9couter votre musique pr\u00e9f\u00e9r\u00e9e en mains libres.<\/strong><\/p>\n<p><strong><img loading=\"lazy\" decoding=\"async\" class=\"aligncenter size-full wp-image-5535\" src=\"https:\/\/waffir.ma\/wp-content\/uploads\/2039\/09\/Crossten-Swiss-Sac-a-dos-multifonctionnel-chargement-USB-15.6-sac-pour-ordinateur-portable-sac-de-voyage-antivol-mince-durable-degre-deau-WAFFIR.MA-SAC-MAROC-DESCRIPTION-5.jpeg\" alt=\"Sac d'affaires \u00a0de marque pour ordinateur portable 15.6 pouces, sacoche \u00e9tanche \u00e0 bandouli\u00e8re pour homme et femme, cartable pour ordinateur PC Sac \u00e0 dos WAFIIR MAROC DESCRIPTION\" width=\"750\" height=\"773\" srcset=\"https:\/\/waffir.ma\/wp-content\/uploads\/2039\/09\/Crossten-Swiss-Sac-a-dos-multifonctionnel-chargement-USB-15.6-sac-pour-ordinateur-portable-sac-de-voyage-antivol-mince-durable-degre-deau-WAFFIR.MA-SAC-MAROC-DESCRIPTION-5.jpeg 750w, https:\/\/waffir.ma\/wp-content\/uploads\/2039\/09\/Crossten-Swiss-Sac-a-dos-multifonctionnel-chargement-USB-15.6-sac-pour-ordinateur-portable-sac-de-voyage-antivol-mince-durable-degre-deau-WAFFIR.MA-SAC-MAROC-DESCRIPTION-5-291x300.jpeg 291w, https:\/\/waffir.ma\/wp-content\/uploads\/2039\/09\/Crossten-Swiss-Sac-a-dos-multifonctionnel-chargement-USB-15.6-sac-pour-ordinateur-portable-sac-de-voyage-antivol-mince-durable-degre-deau-WAFFIR.MA-SAC-MAROC-DESCRIPTION-5-600x618.jpeg 600w, https:\/\/waffir.ma\/wp-content\/uploads\/2039\/09\/Crossten-Swiss-Sac-a-dos-multifonctionnel-chargement-USB-15.6-sac-pour-ordinateur-portable-sac-de-voyage-antivol-mince-durable-degre-deau-WAFFIR.MA-SAC-MAROC-DESCRIPTION-5-150x155.jpeg 150w\" sizes=\"(max-width: 750px) 100vw, 750px\" \/><\/strong><\/p>\n<p><strong><img loading=\"lazy\" decoding=\"async\" class=\"aligncenter size-full wp-image-5525\" src=\"https:\/\/waffir.ma\/wp-content\/uploads\/2039\/09\/Crossten-Swiss-Sac-a-dos-multifonctionnel-chargement-USB-15.6-sac-pour-ordinateur-portable-sac-de-voyage-antivol-mince-durable-degre-deau-WAFFIR.MA-SAC-MAROC-DESCRIPTION-15.jpeg\" alt=\"Sac d'affaires \u00a0de marque pour ordinateur portable 15.6 pouces, sacoche \u00e9tanche \u00e0 bandouli\u00e8re pour homme et femme, cartable pour ordinateur PC Sac \u00e0 dos WAFIIR MAROC DESCRIPTION\" width=\"750\" height=\"989\" srcset=\"https:\/\/waffir.ma\/wp-content\/uploads\/2039\/09\/Crossten-Swiss-Sac-a-dos-multifonctionnel-chargement-USB-15.6-sac-pour-ordinateur-portable-sac-de-voyage-antivol-mince-durable-degre-deau-WAFFIR.MA-SAC-MAROC-DESCRIPTION-15.jpeg 750w, https:\/\/waffir.ma\/wp-content\/uploads\/2039\/09\/Crossten-Swiss-Sac-a-dos-multifonctionnel-chargement-USB-15.6-sac-pour-ordinateur-portable-sac-de-voyage-antivol-mince-durable-degre-deau-WAFFIR.MA-SAC-MAROC-DESCRIPTION-15-228x300.jpeg 228w, https:\/\/waffir.ma\/wp-content\/uploads\/2039\/09\/Crossten-Swiss-Sac-a-dos-multifonctionnel-chargement-USB-15.6-sac-pour-ordinateur-portable-sac-de-voyage-antivol-mince-durable-degre-deau-WAFFIR.MA-SAC-MAROC-DESCRIPTION-15-600x791.jpeg 600w, https:\/\/waffir.ma\/wp-content\/uploads\/2039\/09\/Crossten-Swiss-Sac-a-dos-multifonctionnel-chargement-USB-15.6-sac-pour-ordinateur-portable-sac-de-voyage-antivol-mince-durable-degre-deau-WAFFIR.MA-SAC-MAROC-DESCRIPTION-15-150x198.jpeg 150w\" sizes=\"(max-width: 750px) 100vw, 750px\" \/><\/strong><\/p>\n<p><strong><img loading=\"lazy\" decoding=\"async\" class=\"aligncenter size-full wp-image-5526\" src=\"https:\/\/waffir.ma\/wp-content\/uploads\/2039\/09\/Crossten-Swiss-Sac-a-dos-multifonctionnel-chargement-USB-15.6-sac-pour-ordinateur-portable-sac-de-voyage-antivol-mince-durable-degre-deau-WAFFIR.MA-SAC-MAROC-DESCRIPTION-14.jpeg\" alt=\"Sac d'affaires \u00a0de marque pour ordinateur portable 15.6 pouces, sacoche \u00e9tanche \u00e0 bandouli\u00e8re pour homme et femme, cartable pour ordinateur PC Sac \u00e0 dos WAFIIR MAROC DESCRIPTION\" width=\"750\" height=\"1220\" srcset=\"https:\/\/waffir.ma\/wp-content\/uploads\/2039\/09\/Crossten-Swiss-Sac-a-dos-multifonctionnel-chargement-USB-15.6-sac-pour-ordinateur-portable-sac-de-voyage-antivol-mince-durable-degre-deau-WAFFIR.MA-SAC-MAROC-DESCRIPTION-14.jpeg 750w, https:\/\/waffir.ma\/wp-content\/uploads\/2039\/09\/Crossten-Swiss-Sac-a-dos-multifonctionnel-chargement-USB-15.6-sac-pour-ordinateur-portable-sac-de-voyage-antivol-mince-durable-degre-deau-WAFFIR.MA-SAC-MAROC-DESCRIPTION-14-184x300.jpeg 184w, https:\/\/waffir.ma\/wp-content\/uploads\/2039\/09\/Crossten-Swiss-Sac-a-dos-multifonctionnel-chargement-USB-15.6-sac-pour-ordinateur-portable-sac-de-voyage-antivol-mince-durable-degre-deau-WAFFIR.MA-SAC-MAROC-DESCRIPTION-14-630x1024.jpeg 630w, https:\/\/waffir.ma\/wp-content\/uploads\/2039\/09\/Crossten-Swiss-Sac-a-dos-multifonctionnel-chargement-USB-15.6-sac-pour-ordinateur-portable-sac-de-voyage-antivol-mince-durable-degre-deau-WAFFIR.MA-SAC-MAROC-DESCRIPTION-14-600x976.jpeg 600w, https:\/\/waffir.ma\/wp-content\/uploads\/2039\/09\/Crossten-Swiss-Sac-a-dos-multifonctionnel-chargement-USB-15.6-sac-pour-ordinateur-portable-sac-de-voyage-antivol-mince-durable-degre-deau-WAFFIR.MA-SAC-MAROC-DESCRIPTION-14-150x244.jpeg 150w\" sizes=\"(max-width: 750px) 100vw, 750px\" \/><\/strong><\/p>\n<p><strong>MAT\u00c9RIAU ET SOLIDE DURABLES : Fabriqu\u00e9 en tissu polyester r\u00e9sistant \u00e0 l&#8217;eau et durable avec des fermetures \u00e0 glissi\u00e8re en m\u00e9tal. Assurer une utilisation s\u00e9curis\u00e9e et durable tous les jours et week-end. Vous servir bien comme sac de travail de bureau professionnel, sac de chargement USB mince, parfait pour les voyages d&#8217;affaires, les escapades de week-end, le shopping et les activit\u00e9s de plein air dans la vie quotidienne.<\/strong><\/p>\n<p>&nbsp;<\/p>\n<p><strong><img loading=\"lazy\" decoding=\"async\" class=\"aligncenter size-full wp-image-5515\" src=\"https:\/\/waffir.ma\/wp-content\/uploads\/2039\/09\/Crossten-Swiss-Sac-a-dos-multifonctionnel-chargement-USB-15.6-sac-pour-ordinateur-portable-sac-de-voyage-antivol-mince-durable-degre-deau-WAFFIR.MA-SAC-MAROC-1.jpeg\" alt=\"\" width=\"750\" height=\"748\" srcset=\"https:\/\/waffir.ma\/wp-content\/uploads\/2039\/09\/Crossten-Swiss-Sac-a-dos-multifonctionnel-chargement-USB-15.6-sac-pour-ordinateur-portable-sac-de-voyage-antivol-mince-durable-degre-deau-WAFFIR.MA-SAC-MAROC-1.jpeg 750w, https:\/\/waffir.ma\/wp-content\/uploads\/2039\/09\/Crossten-Swiss-Sac-a-dos-multifonctionnel-chargement-USB-15.6-sac-pour-ordinateur-portable-sac-de-voyage-antivol-mince-durable-degre-deau-WAFFIR.MA-SAC-MAROC-1-300x300.jpeg 300w, https:\/\/waffir.ma\/wp-content\/uploads\/2039\/09\/Crossten-Swiss-Sac-a-dos-multifonctionnel-chargement-USB-15.6-sac-pour-ordinateur-portable-sac-de-voyage-antivol-mince-durable-degre-deau-WAFFIR.MA-SAC-MAROC-1-150x150.jpeg 150w, https:\/\/waffir.ma\/wp-content\/uploads\/2039\/09\/Crossten-Swiss-Sac-a-dos-multifonctionnel-chargement-USB-15.6-sac-pour-ordinateur-portable-sac-de-voyage-antivol-mince-durable-degre-deau-WAFFIR.MA-SAC-MAROC-1-330x330.jpeg 330w, https:\/\/waffir.ma\/wp-content\/uploads\/2039\/09\/Crossten-Swiss-Sac-a-dos-multifonctionnel-chargement-USB-15.6-sac-pour-ordinateur-portable-sac-de-voyage-antivol-mince-durable-degre-deau-WAFFIR.MA-SAC-MAROC-1-600x598.jpeg 600w\" sizes=\"(max-width: 750px) 100vw, 750px\" \/><\/strong><\/p>\n<p><strong>Bon cadeau pour le coll\u00e8ge lyc\u00e9e grand \u00e9tudiant pour gar\u00e7ons, filles, adolescents, adultes<\/strong><\/p>\n<p><strong><img loading=\"lazy\" decoding=\"async\" class=\"aligncenter size-full wp-image-5519\" src=\"https:\/\/waffir.ma\/wp-content\/uploads\/2039\/09\/Crossten-Swiss-Sac-a-dos-multifonctionnel-chargement-USB-15.6-sac-pour-ordinateur-portable-sac-de-voyage-antivol-mince-durable-degre-deau-WAFFIR.MA-SAC-MAROC-DESCRIPTION-1.jpeg\" alt=\"Sac d'affaires \u00a0de marque pour ordinateur portable 15.6 pouces, sacoche \u00e9tanche \u00e0 bandouli\u00e8re pour homme et femme, cartable pour ordinateur PC Sac \u00e0 dos WAFIIR MAROC DESCRIPTION\" width=\"750\" height=\"676\" srcset=\"https:\/\/waffir.ma\/wp-content\/uploads\/2039\/09\/Crossten-Swiss-Sac-a-dos-multifonctionnel-chargement-USB-15.6-sac-pour-ordinateur-portable-sac-de-voyage-antivol-mince-durable-degre-deau-WAFFIR.MA-SAC-MAROC-DESCRIPTION-1.jpeg 750w, https:\/\/waffir.ma\/wp-content\/uploads\/2039\/09\/Crossten-Swiss-Sac-a-dos-multifonctionnel-chargement-USB-15.6-sac-pour-ordinateur-portable-sac-de-voyage-antivol-mince-durable-degre-deau-WAFFIR.MA-SAC-MAROC-DESCRIPTION-1-300x270.jpeg 300w, https:\/\/waffir.ma\/wp-content\/uploads\/2039\/09\/Crossten-Swiss-Sac-a-dos-multifonctionnel-chargement-USB-15.6-sac-pour-ordinateur-portable-sac-de-voyage-antivol-mince-durable-degre-deau-WAFFIR.MA-SAC-MAROC-DESCRIPTION-1-600x541.jpeg 600w, https:\/\/waffir.ma\/wp-content\/uploads\/2039\/09\/Crossten-Swiss-Sac-a-dos-multifonctionnel-chargement-USB-15.6-sac-pour-ordinateur-portable-sac-de-voyage-antivol-mince-durable-degre-deau-WAFFIR.MA-SAC-MAROC-DESCRIPTION-1-150x135.jpeg 150w\" sizes=\"(max-width: 750px) 100vw, 750px\" \/><\/strong><\/p>\n<p><strong><img loading=\"lazy\" decoding=\"async\" class=\"aligncenter size-full wp-image-5520\" src=\"https:\/\/waffir.ma\/wp-content\/uploads\/2039\/09\/Crossten-Swiss-Sac-a-dos-multifonctionnel-chargement-USB-15.6-sac-pour-ordinateur-portable-sac-de-voyage-antivol-mince-durable-degre-deau-WAFFIR.MA-SAC-MAROC-DESCRIPTION-20.jpeg\" alt=\"Sac d'affaires \u00a0de marque pour ordinateur portable 15.6 pouces, sacoche \u00e9tanche \u00e0 bandouli\u00e8re pour homme et femme, cartable pour ordinateur PC Sac \u00e0 dos WAFIIR MAROC DESCRIPTION\" width=\"750\" height=\"557\" srcset=\"https:\/\/waffir.ma\/wp-content\/uploads\/2039\/09\/Crossten-Swiss-Sac-a-dos-multifonctionnel-chargement-USB-15.6-sac-pour-ordinateur-portable-sac-de-voyage-antivol-mince-durable-degre-deau-WAFFIR.MA-SAC-MAROC-DESCRIPTION-20.jpeg 750w, https:\/\/waffir.ma\/wp-content\/uploads\/2039\/09\/Crossten-Swiss-Sac-a-dos-multifonctionnel-chargement-USB-15.6-sac-pour-ordinateur-portable-sac-de-voyage-antivol-mince-durable-degre-deau-WAFFIR.MA-SAC-MAROC-DESCRIPTION-20-300x223.jpeg 300w, https:\/\/waffir.ma\/wp-content\/uploads\/2039\/09\/Crossten-Swiss-Sac-a-dos-multifonctionnel-chargement-USB-15.6-sac-pour-ordinateur-portable-sac-de-voyage-antivol-mince-durable-degre-deau-WAFFIR.MA-SAC-MAROC-DESCRIPTION-20-600x446.jpeg 600w, https:\/\/waffir.ma\/wp-content\/uploads\/2039\/09\/Crossten-Swiss-Sac-a-dos-multifonctionnel-chargement-USB-15.6-sac-pour-ordinateur-portable-sac-de-voyage-antivol-mince-durable-degre-deau-WAFFIR.MA-SAC-MAROC-DESCRIPTION-20-150x111.jpeg 150w\" sizes=\"(max-width: 750px) 100vw, 750px\" \/><\/strong><\/p>\n","protected":false},"excerpt":{"rendered":"<p>Sac d&#8217;affaires \u00a0de marque pour ordinateur portable 15.6 pouces, sacoche \u00e9tanche \u00e0 bandouli\u00e8re pour homme et femme, cartable pour ordinateur<\/p>\n","protected":false},"featured_media":8003,"comment_status":"open","ping_status":"closed","template":"","meta":[],"product_brand":[],"product_cat":[210,211,307,539,323],"product_tag":[540,535,536],"class_list":["post-5467","product","type-product","status-publish","has-post-thumbnail","product_cat-210","product_cat-211","product_cat-307","product_cat-539","product_cat-outdoor-fitness-sport","product_tag-business-sac-ar","product_tag-sac-ar","product_tag-sac-a-dos-ar","first","onbackorder","sale","shipping-taxable","purchasable","product-type-variable"],"_links":{"self":[{"href":"https:\/\/waffir.ma\/ar\/wp-json\/wp\/v2\/product\/5467","targetHints":{"allow":["GET"]}}],"collection":[{"href":"https:\/\/waffir.ma\/ar\/wp-json\/wp\/v2\/product"}],"about":[{"href":"https:\/\/waffir.ma\/ar\/wp-json\/wp\/v2\/types\/product"}],"replies":[{"embeddable":true,"href":"https:\/\/waffir.ma\/ar\/wp-json\/wp\/v2\/comments?post=5467"}],"version-history":[{"count":5,"href":"https:\/\/waffir.ma\/ar\/wp-json\/wp\/v2\/product\/5467\/revisions"}],"predecessor-version":[{"id":7999,"href":"https:\/\/waffir.ma\/ar\/wp-json\/wp\/v2\/product\/5467\/revisions\/7999"}],"wp:featuredmedia":[{"embeddable":true,"href":"https:\/\/waffir.ma\/ar\/wp-json\/wp\/v2\/media\/8003"}],"wp:attachment":[{"href":"https:\/\/waffir.ma\/ar\/wp-json\/wp\/v2\/media?parent=5467"}],"wp:term":[{"taxonomy":"product_brand","embeddable":true,"href":"https:\/\/waffir.ma\/ar\/wp-json\/wp\/v2\/product_brand?post=5467"},{"taxonomy":"product_cat","embeddable":true,"href":"https:\/\/waffir.ma\/ar\/wp-json\/wp\/v2\/product_cat?post=5467"},{"taxonomy":"product_tag","embeddable":true,"href":"https:\/\/waffir.ma\/ar\/wp-json\/wp\/v2\/product_tag?post=5467"}],"curies":[{"name":"wp","href":"https:\/\/api.w.org\/{rel}","templated":true}]}}